{"id":27,"date":"2023-07-13T01:51:40","date_gmt":"2023-07-13T01:51:40","guid":{"rendered":"https:\/\/culturbaine.com\/index.php\/bs-front-page\/"},"modified":"2023-11-30T11:01:19","modified_gmt":"2023-11-30T11:01:19","slug":"bs-front-page","status":"publish","type":"page","link":"https:\/\/culturbaine.com\/","title":{"rendered":"Culturbaine- Toute l&rsquo;actualit\u00e9 des Cultures Urbaines, en un clic  !"},"content":{"rendered":"<p>[vc_row][vc_column][\/vc_column][\/vc_row][vc_row][vc_column width=\u00a0\u00bb2\/3&Prime;]<div class=\" bs-listing bs-listing-slider-1 bs-listing-single-tab\">\t<div class=\"bs-shortcode bs-slider bs-slider-1 clearfix \">\r\n\r\n\t\t<div class=\"better-slider\" id=\"slider-1029152224\"\r\n\t\t     data-slideshowSpeed=\"7000\"\r\n\t\t     data-animation=\"fade\"\r\n\t\t     data-controlNav=\"1\"\r\n\t\t     data-animationSpeed=\"600\">\r\n\t\t\t<ul class=\"slides\">\r\n\t\t\t\t\t\t\t\t\t<li class=\"slide bs-slider-item bs-slider-1-item main-term-2387 has-post-thumbnail\">\r\n\t\t\t\t\t\t<div class=\"item-content\">\r\n\r\n\t\t\t\t\t\t\t<a class=\"img-cont\" href=\"https:\/\/culturbaine.com\/index.php\/2026\/04\/28\/conakrire-saison-4-le-slameur-de-lombre-la-surprise-qui-va-marquer-la-scene\/\"\r\n\t\t\t\t\t\t\t   style=\"background-image: url('https:\/\/culturbaine.com\/wp-content\/uploads\/2026\/04\/17773670741432.jpg')\"><\/a>\r\n\t\t\t\t\t\t\t\t\t\t\t\t\t\t<div class=\"content-container\">\r\n\t\t\t\t\t\t\t\t<h3 class=\"title\">\t\t\t\t\t\t\t\t<a class=\"post-url post-title\" href=\"https:\/\/culturbaine.com\/index.php\/2026\/04\/28\/conakrire-saison-4-le-slameur-de-lombre-la-surprise-qui-va-marquer-la-scene\/\">\r\n\t\t\t\t\t\t\t\t\tConak\u2019Rire Saison 4 : Le Slameur de l\u2019Ombre, la surprise qui va marquer la&hellip;\t\t\t\t\t\t\t\t<\/a>\r\n\t\t\t\t\t\t\t\t<\/h3>\t\t<div class=\"post-meta\">\r\n\r\n\t\t\t\t\t\t\t<a href=\"https:\/\/culturbaine.com\/index.php\/author\/admin1\/\"\r\n\t\t\t\t   title=\"Parcourir les articles Auteur\"\r\n\t\t\t\t   class=\"post-author-a\">\r\n\t\t\t\t\t<i class=\"post-author author\">\r\n\t\t\t\t\t\tadmin1\t\t\t\t\t<\/i>\r\n\t\t\t\t<\/a>\r\n\t\t\t\t\t\t\t<span class=\"time\"><time class=\"post-published updated\"\r\n\t\t\t\t                         datetime=\"2026-04-28T09:13:46+00:00\">Avr 28, 2026<\/time><\/span>\r\n\t\t\t\t\t\t<\/div>\r\n\t\t\t\t\t\t\t\t\t<\/div>\r\n\t\t\t\t\t\t<\/div>\r\n\t\t\t\t\t<\/li>\r\n\t\t\t\t\t\t\t\t\t\t<li class=\"slide bs-slider-item bs-slider-1-item main-term-4367 has-post-thumbnail\">\r\n\t\t\t\t\t\t<div class=\"item-content\">\r\n\r\n\t\t\t\t\t\t\t<a class=\"img-cont\" href=\"https:\/\/culturbaine.com\/index.php\/2026\/04\/27\/face-a-la-camera-tidjo-allume-le-melangeur-je-ne-le-valide-pas\/\"\r\n\t\t\t\t\t\t\t   style=\"background-image: url('https:\/\/culturbaine.com\/wp-content\/uploads\/2026\/04\/PhotoCollage_1777310858417-1-1130x580.png')\"><\/a>\r\n\t\t\t\t\t\t\t\t\t\t\t\t\t\t<div class=\"content-container\">\r\n\t\t\t\t\t\t\t\t<h3 class=\"title\">\t\t\t\t\t\t\t\t<a class=\"post-url post-title\" href=\"https:\/\/culturbaine.com\/index.php\/2026\/04\/27\/face-a-la-camera-tidjo-allume-le-melangeur-je-ne-le-valide-pas\/\">\r\n\t\t\t\t\t\t\t\t\tFace \u00e0 la cam\u00e9ra, Tidjo allume Le M\u00e9langeur : \u00ab Je ne le valide pas \u00bb\t\t\t\t\t\t\t\t<\/a>\r\n\t\t\t\t\t\t\t\t<\/h3>\t\t<div class=\"post-meta\">\r\n\r\n\t\t\t\t\t\t\t<a href=\"https:\/\/culturbaine.com\/index.php\/author\/admin1\/\"\r\n\t\t\t\t   title=\"Parcourir les articles Auteur\"\r\n\t\t\t\t   class=\"post-author-a\">\r\n\t\t\t\t\t<i class=\"post-author author\">\r\n\t\t\t\t\t\tadmin1\t\t\t\t\t<\/i>\r\n\t\t\t\t<\/a>\r\n\t\t\t\t\t\t\t<span class=\"time\"><time class=\"post-published updated\"\r\n\t\t\t\t                         datetime=\"2026-04-27T18:32:57+00:00\">Avr 27, 2026<\/time><\/span>\r\n\t\t\t\t\t\t<\/div>\r\n\t\t\t\t\t\t\t\t\t<\/div>\r\n\t\t\t\t\t\t<\/div>\r\n\t\t\t\t\t<\/li>\r\n\t\t\t\t\t\t\t\t\t\t<li class=\"slide bs-slider-item bs-slider-1-item main-term-2386 has-post-thumbnail\">\r\n\t\t\t\t\t\t<div class=\"item-content\">\r\n\r\n\t\t\t\t\t\t\t<a class=\"img-cont\" href=\"https:\/\/culturbaine.com\/index.php\/2026\/04\/26\/cis-slam-2026-houleymatou-diallo-surclasse-la-concurrence\/\"\r\n\t\t\t\t\t\t\t   style=\"background-image: url('https:\/\/culturbaine.com\/wp-content\/uploads\/2026\/04\/17771950918372.jpg')\"><\/a>\r\n\t\t\t\t\t\t\t\t\t\t\t\t\t\t<div class=\"content-container\">\r\n\t\t\t\t\t\t\t\t<h3 class=\"title\">\t\t\t\t\t\t\t\t<a class=\"post-url post-title\" href=\"https:\/\/culturbaine.com\/index.php\/2026\/04\/26\/cis-slam-2026-houleymatou-diallo-surclasse-la-concurrence\/\">\r\n\t\t\t\t\t\t\t\t\tCIS SLAM 2026 :\u00a0Houleymatou Diallo surclasse la concurrence\u00a0\t\t\t\t\t\t\t\t<\/a>\r\n\t\t\t\t\t\t\t\t<\/h3>\t\t<div class=\"post-meta\">\r\n\r\n\t\t\t\t\t\t\t<a href=\"https:\/\/culturbaine.com\/index.php\/author\/admin1\/\"\r\n\t\t\t\t   title=\"Parcourir les articles Auteur\"\r\n\t\t\t\t   class=\"post-author-a\">\r\n\t\t\t\t\t<i class=\"post-author author\">\r\n\t\t\t\t\t\tadmin1\t\t\t\t\t<\/i>\r\n\t\t\t\t<\/a>\r\n\t\t\t\t\t\t\t<span class=\"time\"><time class=\"post-published updated\"\r\n\t\t\t\t                         datetime=\"2026-04-26T20:10:48+00:00\">Avr 26, 2026<\/time><\/span>\r\n\t\t\t\t\t\t<\/div>\r\n\t\t\t\t\t\t\t\t\t<\/div>\r\n\t\t\t\t\t\t<\/div>\r\n\t\t\t\t\t<\/li>\r\n\t\t\t\t\t\t\t\t\t\t<li class=\"slide bs-slider-item bs-slider-1-item main-term-21 has-post-thumbnail\">\r\n\t\t\t\t\t\t<div class=\"item-content\">\r\n\r\n\t\t\t\t\t\t\t<a class=\"img-cont\" href=\"https:\/\/culturbaine.com\/index.php\/2026\/04\/26\/banlieuzart-konko-malela-et-king-salamon-evacues-en-tunisie-pour-des-soins\/\"\r\n\t\t\t\t\t\t\t   style=\"background-image: url('https:\/\/culturbaine.com\/wp-content\/uploads\/2026\/04\/1777185860811.jpg')\"><\/a>\r\n\t\t\t\t\t\t\t\t\t\t\t\t\t\t<div class=\"content-container\">\r\n\t\t\t\t\t\t\t\t<h3 class=\"title\">\t\t\t\t\t\t\t\t<a class=\"post-url post-title\" href=\"https:\/\/culturbaine.com\/index.php\/2026\/04\/26\/banlieuzart-konko-malela-et-king-salamon-evacues-en-tunisie-pour-des-soins\/\">\r\n\t\t\t\t\t\t\t\t\tBanlieuz\u2019Art : Konko Malela et King Salamon \u00e9vacu\u00e9s en Tunisie pour des&hellip;\t\t\t\t\t\t\t\t<\/a>\r\n\t\t\t\t\t\t\t\t<\/h3>\t\t<div class=\"post-meta\">\r\n\r\n\t\t\t\t\t\t\t<a href=\"https:\/\/culturbaine.com\/index.php\/author\/admin1\/\"\r\n\t\t\t\t   title=\"Parcourir les articles Auteur\"\r\n\t\t\t\t   class=\"post-author-a\">\r\n\t\t\t\t\t<i class=\"post-author author\">\r\n\t\t\t\t\t\tadmin1\t\t\t\t\t<\/i>\r\n\t\t\t\t<\/a>\r\n\t\t\t\t\t\t\t<span class=\"time\"><time class=\"post-published updated\"\r\n\t\t\t\t                         datetime=\"2026-04-26T07:06:19+00:00\">Avr 26, 2026<\/time><\/span>\r\n\t\t\t\t\t\t<\/div>\r\n\t\t\t\t\t\t\t\t\t<\/div>\r\n\t\t\t\t\t\t<\/div>\r\n\t\t\t\t\t<\/li>\r\n\t\t\t\t\t\t\t\t<\/ul>\r\n\t\t<\/div>\r\n\t<\/div>\r\n<\/div>[\/vc_column][vc_column width=\u00a0\u00bb1\/3&Prime;][\/vc_column][\/vc_row][vc_row][vc_column width=\u00a0\u00bb2\/3&Prime;]<div class=\" bs-listing bs-listing-listing-thumbnail-2 bs-listing-single-tab\">\t\t<h3 class=\"section-heading sh-t7 sh-s1 main-term-21\">\r\n\r\n\t\t\r\n\t\t\t\t\t\t\t<a href=\"https:\/\/culturbaine.com\/index.php\/category\/actualite\/\" class=\"main-link\">\r\n\t\t\t\t\t\t\t<span class=\"h-text main-term-21\">\r\n\t\t\t\t\t\t\t\tActualit\u00e9s\t\t\t\t\t\t\t<\/span>\r\n\t\t\t\t<\/a>\r\n\t\t\t\r\n\t\t\r\n\t\t<\/h3>\r\n\t\t\t<div class=\"listing listing-thumbnail listing-tb-2 clearfix scolumns-2 bsw-12 \">\r\n\t<article  class=\"post-13785 type-post format-standard has-post-thumbnail   listing-item listing-item-thumbnail listing-item-tb-2 main-term-2387\">\r\n<div class=\"item-inner clearfix\">\r\n\t\t\t<div class=\"featured featured-type-featured-image\">\r\n\t\t\t<div class=\"term-badges floated\"><span class=\"term-badge term-2387\"><a href=\"https:\/\/culturbaine.com\/index.php\/category\/festival\/\">Festival<\/a><\/span><\/div>\t\t\t<a  title=\"Conak\u2019Rire Saison 4 : Le Slameur de l\u2019Ombre, la surprise qui va marquer la sc\u00e8ne\" data-src=\"https:\/\/culturbaine.com\/wp-content\/uploads\/2026\/04\/17773670741432-210x136.jpg\" data-bs-srcset=\"{&quot;baseurl&quot;:&quot;https:\\\/\\\/culturbaine.com\\\/wp-content\\\/uploads\\\/2026\\\/04\\\/&quot;,&quot;sizes&quot;:{&quot;86&quot;:&quot;17773670741432-86x64.jpg&quot;,&quot;210&quot;:&quot;17773670741432-210x136.jpg&quot;,&quot;279&quot;:&quot;17773670741432-279x220.jpg&quot;,&quot;357&quot;:&quot;17773670741432-357x210.jpg&quot;,&quot;715&quot;:&quot;17773670741432.jpg&quot;}}\"\t\t\t\t\tclass=\"img-holder\" href=\"https:\/\/culturbaine.com\/index.php\/2026\/04\/28\/conakrire-saison-4-le-slameur-de-lombre-la-surprise-qui-va-marquer-la-scene\/\"><\/a>\r\n\t\t\t\t\t<\/div>\r\n\t<h2 class=\"title\">\t<a class=\"post-url\" href=\"https:\/\/culturbaine.com\/index.php\/2026\/04\/28\/conakrire-saison-4-le-slameur-de-lombre-la-surprise-qui-va-marquer-la-scene\/\" title=\"Conak\u2019Rire Saison 4 : Le Slameur de l\u2019Ombre, la surprise qui va marquer la sc\u00e8ne\">\r\n\t\t\t<span class=\"post-title\">\r\n\t\t\t\tConak\u2019Rire Saison 4 : Le Slameur de l\u2019Ombre, la surprise qui&hellip;\t\t\t<\/span>\r\n\t<\/a>\r\n\t<\/h2><\/div>\r\n<\/article >\r\n<article  class=\"post-13780 type-post format-standard has-post-thumbnail   listing-item listing-item-thumbnail listing-item-tb-2 main-term-4367\">\r\n<div class=\"item-inner clearfix\">\r\n\t\t\t<div class=\"featured featured-type-featured-image\">\r\n\t\t\t<div class=\"term-badges floated\"><span class=\"term-badge term-4367\"><a href=\"https:\/\/culturbaine.com\/index.php\/category\/clash\/\">Clash<\/a><\/span><\/div>\t\t\t<a  title=\"Face \u00e0 la cam\u00e9ra, Tidjo allume Le M\u00e9langeur : \u00ab Je ne le valide pas \u00bb\" data-src=\"https:\/\/culturbaine.com\/wp-content\/uploads\/2026\/04\/PhotoCollage_1777310858417-1-210x136.png\" data-bs-srcset=\"{&quot;baseurl&quot;:&quot;https:\\\/\\\/culturbaine.com\\\/wp-content\\\/uploads\\\/2026\\\/04\\\/&quot;,&quot;sizes&quot;:{&quot;86&quot;:&quot;PhotoCollage_1777310858417-1-86x64.png&quot;,&quot;210&quot;:&quot;PhotoCollage_1777310858417-1-210x136.png&quot;,&quot;279&quot;:&quot;PhotoCollage_1777310858417-1-279x220.png&quot;,&quot;357&quot;:&quot;PhotoCollage_1777310858417-1-357x210.png&quot;,&quot;750&quot;:&quot;PhotoCollage_1777310858417-1-750x430.png&quot;,&quot;2160&quot;:&quot;PhotoCollage_1777310858417-1.png&quot;}}\"\t\t\t\t\tclass=\"img-holder\" href=\"https:\/\/culturbaine.com\/index.php\/2026\/04\/27\/face-a-la-camera-tidjo-allume-le-melangeur-je-ne-le-valide-pas\/\"><\/a>\r\n\t\t\t\t\t<\/div>\r\n\t<h2 class=\"title\">\t<a class=\"post-url\" href=\"https:\/\/culturbaine.com\/index.php\/2026\/04\/27\/face-a-la-camera-tidjo-allume-le-melangeur-je-ne-le-valide-pas\/\" title=\"Face \u00e0 la cam\u00e9ra, Tidjo allume Le M\u00e9langeur : \u00ab Je ne le valide pas \u00bb\">\r\n\t\t\t<span class=\"post-title\">\r\n\t\t\t\tFace \u00e0 la cam\u00e9ra, Tidjo allume Le M\u00e9langeur : \u00ab Je ne le&hellip;\t\t\t<\/span>\r\n\t<\/a>\r\n\t<\/h2><\/div>\r\n<\/article >\r\n<article  class=\"post-13776 type-post format-standard has-post-thumbnail   listing-item listing-item-thumbnail listing-item-tb-2 main-term-2386\">\r\n<div class=\"item-inner clearfix\">\r\n\t\t\t<div class=\"featured featured-type-featured-image\">\r\n\t\t\t<div class=\"term-badges floated\"><span class=\"term-badge term-2386\"><a href=\"https:\/\/culturbaine.com\/index.php\/category\/slam\/\">Slam<\/a><\/span><\/div>\t\t\t<a  title=\"CIS SLAM 2026 :\u00a0Houleymatou Diallo surclasse la concurrence\u00a0\" data-src=\"https:\/\/culturbaine.com\/wp-content\/uploads\/2026\/04\/17771950918372-210x136.jpg\" data-bs-srcset=\"{&quot;baseurl&quot;:&quot;https:\\\/\\\/culturbaine.com\\\/wp-content\\\/uploads\\\/2026\\\/04\\\/&quot;,&quot;sizes&quot;:{&quot;86&quot;:&quot;17771950918372-86x64.jpg&quot;,&quot;210&quot;:&quot;17771950918372-210x136.jpg&quot;,&quot;279&quot;:&quot;17771950918372-279x220.jpg&quot;,&quot;357&quot;:&quot;17771950918372-357x210.jpg&quot;,&quot;720&quot;:&quot;17771950918372.jpg&quot;}}\"\t\t\t\t\tclass=\"img-holder\" href=\"https:\/\/culturbaine.com\/index.php\/2026\/04\/26\/cis-slam-2026-houleymatou-diallo-surclasse-la-concurrence\/\"><\/a>\r\n\t\t\t\t\t<\/div>\r\n\t<h2 class=\"title\">\t<a class=\"post-url\" href=\"https:\/\/culturbaine.com\/index.php\/2026\/04\/26\/cis-slam-2026-houleymatou-diallo-surclasse-la-concurrence\/\" title=\"CIS SLAM 2026 :\u00a0Houleymatou Diallo surclasse la concurrence\u00a0\">\r\n\t\t\t<span class=\"post-title\">\r\n\t\t\t\tCIS SLAM 2026 :\u00a0Houleymatou Diallo surclasse la concurrence\u00a0\t\t\t<\/span>\r\n\t<\/a>\r\n\t<\/h2><\/div>\r\n<\/article >\r\n<article  class=\"post-13767 type-post format-standard has-post-thumbnail   listing-item listing-item-thumbnail listing-item-tb-2 main-term-21\">\r\n<div class=\"item-inner clearfix\">\r\n\t\t\t<div class=\"featured featured-type-featured-image\">\r\n\t\t\t<div class=\"term-badges floated\"><span class=\"term-badge term-21\"><a href=\"https:\/\/culturbaine.com\/index.php\/category\/actualite\/\">Actualit\u00e9<\/a><\/span><\/div>\t\t\t<a  title=\"Banlieuz\u2019Art : Konko Malela et King Salamon \u00e9vacu\u00e9s en Tunisie pour des soins\" data-src=\"https:\/\/culturbaine.com\/wp-content\/uploads\/2026\/04\/1777185860811-210x136.jpg\" data-bs-srcset=\"{&quot;baseurl&quot;:&quot;https:\\\/\\\/culturbaine.com\\\/wp-content\\\/uploads\\\/2026\\\/04\\\/&quot;,&quot;sizes&quot;:{&quot;86&quot;:&quot;1777185860811-86x64.jpg&quot;,&quot;210&quot;:&quot;1777185860811-210x136.jpg&quot;,&quot;279&quot;:&quot;1777185860811-279x220.jpg&quot;,&quot;357&quot;:&quot;1777185860811-357x210.jpg&quot;,&quot;720&quot;:&quot;1777185860811.jpg&quot;}}\"\t\t\t\t\tclass=\"img-holder\" href=\"https:\/\/culturbaine.com\/index.php\/2026\/04\/26\/banlieuzart-konko-malela-et-king-salamon-evacues-en-tunisie-pour-des-soins\/\"><\/a>\r\n\t\t\t\t\t<\/div>\r\n\t<h2 class=\"title\">\t<a class=\"post-url\" href=\"https:\/\/culturbaine.com\/index.php\/2026\/04\/26\/banlieuzart-konko-malela-et-king-salamon-evacues-en-tunisie-pour-des-soins\/\" title=\"Banlieuz\u2019Art : Konko Malela et King Salamon \u00e9vacu\u00e9s en Tunisie pour des soins\">\r\n\t\t\t<span class=\"post-title\">\r\n\t\t\t\tBanlieuz\u2019Art : Konko Malela et King Salamon \u00e9vacu\u00e9s en&hellip;\t\t\t<\/span>\r\n\t<\/a>\r\n\t<\/h2><\/div>\r\n<\/article >\r\n<article  class=\"post-13759 type-post format-standard has-post-thumbnail   listing-item listing-item-thumbnail listing-item-tb-2 main-term-21\">\r\n<div class=\"item-inner clearfix\">\r\n\t\t\t<div class=\"featured featured-type-featured-image\">\r\n\t\t\t<div class=\"term-badges floated\"><span class=\"term-badge term-21\"><a href=\"https:\/\/culturbaine.com\/index.php\/category\/actualite\/\">Actualit\u00e9<\/a><\/span><\/div>\t\t\t<a  title=\"Katala Refondateur Acte 9 : Lil Saako sacr\u00e9 dans la cat\u00e9gorie \u00c9ducation et Culture\" data-src=\"https:\/\/culturbaine.com\/wp-content\/uploads\/2026\/04\/17771353054812-210x136.jpg\" data-bs-srcset=\"{&quot;baseurl&quot;:&quot;https:\\\/\\\/culturbaine.com\\\/wp-content\\\/uploads\\\/2026\\\/04\\\/&quot;,&quot;sizes&quot;:{&quot;86&quot;:&quot;17771353054812-86x64.jpg&quot;,&quot;210&quot;:&quot;17771353054812-210x136.jpg&quot;,&quot;279&quot;:&quot;17771353054812-279x220.jpg&quot;,&quot;357&quot;:&quot;17771353054812-357x210.jpg&quot;,&quot;720&quot;:&quot;17771353054812.jpg&quot;}}\"\t\t\t\t\tclass=\"img-holder\" href=\"https:\/\/culturbaine.com\/index.php\/2026\/04\/25\/katala-refondateur-acte-9-lil-saako-sacre-dans-la-categorie-education-et-culture\/\"><\/a>\r\n\t\t\t\t\t<\/div>\r\n\t<h2 class=\"title\">\t<a class=\"post-url\" href=\"https:\/\/culturbaine.com\/index.php\/2026\/04\/25\/katala-refondateur-acte-9-lil-saako-sacre-dans-la-categorie-education-et-culture\/\" title=\"Katala Refondateur Acte 9 : Lil Saako sacr\u00e9 dans la cat\u00e9gorie \u00c9ducation et Culture\">\r\n\t\t\t<span class=\"post-title\">\r\n\t\t\t\tKatala Refondateur Acte 9 : Lil Saako sacr\u00e9 dans la&hellip;\t\t\t<\/span>\r\n\t<\/a>\r\n\t<\/h2><\/div>\r\n<\/article >\r\n<article  class=\"post-13753 type-post format-standard has-post-thumbnail   listing-item listing-item-thumbnail listing-item-tb-2 main-term-21\">\r\n<div class=\"item-inner clearfix\">\r\n\t\t\t<div class=\"featured featured-type-featured-image\">\r\n\t\t\t<div class=\"term-badges floated\"><span class=\"term-badge term-21\"><a href=\"https:\/\/culturbaine.com\/index.php\/category\/actualite\/\">Actualit\u00e9<\/a><\/span><\/div>\t\t\t<a  title=\"Flammes Awards &#8211; 4 : Les laur\u00e9ats sont connus !\" data-src=\"https:\/\/culturbaine.com\/wp-content\/uploads\/2026\/04\/17769763087642-210x136.jpg\" data-bs-srcset=\"{&quot;baseurl&quot;:&quot;https:\\\/\\\/culturbaine.com\\\/wp-content\\\/uploads\\\/2026\\\/04\\\/&quot;,&quot;sizes&quot;:{&quot;86&quot;:&quot;17769763087642-86x64.jpg&quot;,&quot;210&quot;:&quot;17769763087642-210x136.jpg&quot;,&quot;279&quot;:&quot;17769763087642-279x220.jpg&quot;,&quot;357&quot;:&quot;17769763087642-357x210.jpg&quot;,&quot;720&quot;:&quot;17769763087642.jpg&quot;}}\"\t\t\t\t\tclass=\"img-holder\" href=\"https:\/\/culturbaine.com\/index.php\/2026\/04\/24\/flammes-awards-4-les-laureats-sont-connus\/\"><\/a>\r\n\t\t\t\t\t<\/div>\r\n\t<h2 class=\"title\">\t<a class=\"post-url\" href=\"https:\/\/culturbaine.com\/index.php\/2026\/04\/24\/flammes-awards-4-les-laureats-sont-connus\/\" title=\"Flammes Awards &#8211; 4 : Les laur\u00e9ats sont connus !\">\r\n\t\t\t<span class=\"post-title\">\r\n\t\t\t\tFlammes Awards &#8211; 4 : Les laur\u00e9ats sont connus !\t\t\t<\/span>\r\n\t<\/a>\r\n\t<\/h2><\/div>\r\n<\/article >\r\n\t<\/div>\r\n\t<\/div><div class=\" bs-listing bs-listing-listing-mix-1-3 bs-listing-single-tab\">\t\t<h3 class=\"section-heading sh-t7 sh-s1 main-term-32\">\r\n\r\n\t\t\r\n\t\t\t\t\t\t\t<a href=\"https:\/\/culturbaine.com\/index.php\/category\/dernieres-sorties\/\" class=\"main-link\">\r\n\t\t\t\t\t\t\t<span class=\"h-text main-term-32\">\r\n\t\t\t\t\t\t\t\tDerni\u00e8res sorties\t\t\t\t\t\t\t<\/span>\r\n\t\t\t\t<\/a>\r\n\t\t\t\r\n\t\t\r\n\t\t<\/h3>\r\n\t\t\t<div class=\"listing listing-mix-6 clearfix \">\r\n\t\t<div class=\"item-inner\">\r\n\t\t\t<div class=\"column-1\">\r\n\t\t\t\t\t<article class=\"post-10587 type-post format-standard has-post-thumbnail   listing-item listing-item-grid listing-item-grid-1 main-term-500\">\r\n\t<div class=\"item-inner\">\r\n\t\t\t\t\t<div class=\"featured clearfix\">\r\n\t\t\t\t<div class=\"term-badges floated\"><span class=\"term-badge term-500\"><a href=\"https:\/\/culturbaine.com\/index.php\/category\/musique\/\">Musique<\/a><\/span><\/div>\t\t\t\t<a  title=\"King Alasko et SMS c\u00e9l\u00e8brent \u2018Duba\u00ef\u2019 dans un nouveau single captivant\" data-src=\"https:\/\/culturbaine.com\/wp-content\/uploads\/2025\/01\/17359152564352-357x210.jpg\" data-bs-srcset=\"{&quot;baseurl&quot;:&quot;https:\\\/\\\/culturbaine.com\\\/wp-content\\\/uploads\\\/2025\\\/01\\\/&quot;,&quot;sizes&quot;:{&quot;210&quot;:&quot;17359152564352-210x136.jpg&quot;,&quot;279&quot;:&quot;17359152564352-279x220.jpg&quot;,&quot;357&quot;:&quot;17359152564352-357x210.jpg&quot;,&quot;636&quot;:&quot;17359152564352.jpg&quot;}}\"\t\t\t\t\t\tclass=\"img-holder\" href=\"https:\/\/culturbaine.com\/index.php\/2025\/01\/03\/king-alasko-et-sms-celebrent-dubai-dans-un-nouveau-single-captivant\/\"><\/a>\r\n\r\n\t\t\t\t\t\t\t<\/div>\r\n\t\t<h2 class=\"title\">\t\t<a href=\"https:\/\/culturbaine.com\/index.php\/2025\/01\/03\/king-alasko-et-sms-celebrent-dubai-dans-un-nouveau-single-captivant\/\" class=\"post-title post-url\">\r\n\t\t\tKing Alasko et SMS c\u00e9l\u00e8brent \u2018Duba\u00ef\u2019 dans un nouveau single captivant\t\t<\/a>\r\n\t\t<\/h2>\t\t<div class=\"post-meta\">\r\n\r\n\t\t\t\t\t\t\t<a href=\"https:\/\/culturbaine.com\/index.php\/author\/admin1\/\"\r\n\t\t\t\t   title=\"Parcourir les articles Auteur\"\r\n\t\t\t\t   class=\"post-author-a\">\r\n\t\t\t\t\t<i class=\"post-author author\">\r\n\t\t\t\t\t\tadmin1\t\t\t\t\t<\/i>\r\n\t\t\t\t<\/a>\r\n\t\t\t\t\t\t\t<span class=\"time\"><time class=\"post-published updated\"\r\n\t\t\t\t                         datetime=\"2025-01-03T14:46:05+00:00\">Jan 3, 2025<\/time><\/span>\r\n\t\t\t\t\t\t<\/div>\r\n\t\t\t\t\t<div class=\"post-summary\">\r\n\t\t\t\tLes artistes guin\u00e9ens King Alasko et SMS ont entam\u00e9 la nouvelle ann\u00e9e en beaut\u00e9 depuis Duba\u00ef, o\u00f9 ils ont pass\u00e9 le&hellip;\t\t\t<\/div>\r\n\t\t\t<\/div>\r\n\t<\/article >\r\n\t\t\t<\/div>\r\n\t\t\t<div class=\"column-2\">\r\n\t\t\t\t\t<div class=\"listing listing-text listing-text-2 clearfix columns-1\">\r\n\t\t<article class=\"post-8561 type-post format-standard has-post-thumbnail   listing-item listing-item-text listing-item-text-2 main-term-500\">\r\n\t<div class=\"item-inner\">\r\n\t\t<h2 class=\"title\">\t\t<a href=\"https:\/\/culturbaine.com\/index.php\/2024\/09\/07\/gims-innove-avec-vent-du-nord-une-plongee-dans-lunivers-celtique\/\" class=\"post-title post-url\">\r\n\t\t\tGims Innove avec &lsquo;Vent du Nord&rsquo; : Une Plong\u00e9e&hellip;\t\t<\/a>\r\n\t\t<\/h2>\t\t<div class=\"post-meta\">\r\n\r\n\t\t\t\t\t\t\t<span class=\"time\"><time class=\"post-published updated\"\r\n\t\t\t\t                         datetime=\"2024-09-07T12:16:08+00:00\">Sep 7, 2024<\/time><\/span>\r\n\t\t\t\t\t\t<\/div>\r\n\t\t\t\t\t<div class=\"post-summary\">\r\n\t\t\t\tLe chanteur fran\u00e7ais Gims continue de captiver son public avec ses r\u00e9cents titres \u00e0 succ\u00e8s tels que \"Spider\" et \"Ne&hellip;\t\t\t<\/div>\r\n\t\t\t\t<\/div>\r\n\t<\/article >\r\n\t<article class=\"post-8441 type-post format-standard has-post-thumbnail   listing-item listing-item-text listing-item-text-2 main-term-27\">\r\n\t<div class=\"item-inner\">\r\n\t\t<h2 class=\"title\">\t\t<a href=\"https:\/\/culturbaine.com\/index.php\/2024\/08\/31\/awobobo-hangan-crew-et-bobo-we-reinventent-lamapiano\/\" class=\"post-title post-url\">\r\n\t\t\tAwobobo : Hangan Crew et Bobo W\u00e9 r\u00e9inventent&hellip;\t\t<\/a>\r\n\t\t<\/h2>\t\t<div class=\"post-meta\">\r\n\r\n\t\t\t\t\t\t\t<span class=\"time\"><time class=\"post-published updated\"\r\n\t\t\t\t                         datetime=\"2024-08-31T15:54:49+00:00\">Ao\u00fbt 31, 2024<\/time><\/span>\r\n\t\t\t\t\t\t<\/div>\r\n\t\t\t\t\t<div class=\"post-summary\">\r\n\t\t\t\tLe groupe b\u00e9ninois Hangan Crew est de retour avec un nouveau clip intitul\u00e9 \"Awobobo\", en featuring avec Bobo W\u00e9. Ce&hellip;\t\t\t<\/div>\r\n\t\t\t\t<\/div>\r\n\t<\/article >\r\n\t<article class=\"post-7580 type-post format-standard has-post-thumbnail   listing-item listing-item-text listing-item-text-2 main-term-32\">\r\n\t<div class=\"item-inner\">\r\n\t\t<h2 class=\"title\">\t\t<a href=\"https:\/\/culturbaine.com\/index.php\/2024\/07\/12\/de-lautre-cote-le-nouvel-album-de-vegedream-est-sorti\/\" class=\"post-title post-url\">\r\n\t\t\tDe l&rsquo;autre c\u00f4t\u00e9 : Le nouvel album de Vegedream est&hellip;\t\t<\/a>\r\n\t\t<\/h2>\t\t<div class=\"post-meta\">\r\n\r\n\t\t\t\t\t\t\t<span class=\"time\"><time class=\"post-published updated\"\r\n\t\t\t\t                         datetime=\"2024-07-12T09:40:05+00:00\">Juil 12, 2024<\/time><\/span>\r\n\t\t\t\t\t\t<\/div>\r\n\t\t\t\t\t<div class=\"post-summary\">\r\n\t\t\t\tL'attente est d\u00e9sormais termin\u00e9e. Le chanteur et rappeur fran\u00e7ais Vegedream vient de sortir son nouvel album \"De&hellip;\t\t\t<\/div>\r\n\t\t\t\t<\/div>\r\n\t<\/article >\r\n\t<\/div>\r\n\t\t\t\t<\/div>\r\n\t\t<\/div>\r\n\t<\/div>\r\n<\/div>[\/vc_column][vc_column width=\u00a0\u00bb1\/3&Prime;]<div class=\" bs-listing bs-listing-listing-thumbnail-1 bs-listing-single-tab\">\t\t<h3 class=\"section-heading sh-t7 sh-s1 main-term-500\">\r\n\r\n\t\t\r\n\t\t\t\t\t\t\t<a href=\"https:\/\/culturbaine.com\/index.php\/category\/musique\/\" class=\"main-link\">\r\n\t\t\t\t\t\t\t<span class=\"h-text main-term-500\">\r\n\t\t\t\t\t\t\t\tMusique\t\t\t\t\t\t\t<\/span>\r\n\t\t\t\t<\/a>\r\n\t\t\t\r\n\t\t\r\n\t\t<\/h3>\r\n\t\t\t<div class=\"listing listing-thumbnail listing-tb-1 clearfix columns-2\">\r\n\t\t<article class=\"post-13728 type-post format-standard has-post-thumbnail   listing-item listing-item-thumbnail listing-item-tb-1 main-term-21\">\r\n\t<div class=\"item-inner clearfix\">\r\n\t\t\t\t\t<div class=\"featured featured-type-featured-image\">\r\n\t\t\t\t<a  title=\"Jess Children and Women f\u00e9d\u00e8re les artistes pour lutter contre le cancer\u00a0\" data-src=\"https:\/\/culturbaine.com\/wp-content\/uploads\/2026\/04\/1776618158842-86x64.jpg\" data-bs-srcset=\"{&quot;baseurl&quot;:&quot;https:\\\/\\\/culturbaine.com\\\/wp-content\\\/uploads\\\/2026\\\/04\\\/&quot;,&quot;sizes&quot;:{&quot;86&quot;:&quot;1776618158842-86x64.jpg&quot;,&quot;210&quot;:&quot;1776618158842-210x136.jpg&quot;,&quot;720&quot;:&quot;1776618158842.jpg&quot;}}\"\t\t\t\t\t\tclass=\"img-holder\" href=\"https:\/\/culturbaine.com\/index.php\/2026\/04\/19\/jess-children-and-women-federe-les-artistes-pour-lutter-contre-le-cancer\/\"><\/a>\r\n\t\t\t\t\t\t\t<\/div>\r\n\t\t<h2 class=\"title\">\t\t<a href=\"https:\/\/culturbaine.com\/index.php\/2026\/04\/19\/jess-children-and-women-federe-les-artistes-pour-lutter-contre-le-cancer\/\" class=\"post-url post-title\">\r\n\t\t\tJess Children and Women f\u00e9d\u00e8re les artistes pour&hellip;\t\t<\/a>\r\n\t\t<\/h2>\t\t<div class=\"post-meta\">\r\n\r\n\t\t\t\t\t\t\t<span class=\"time\"><time class=\"post-published updated\"\r\n\t\t\t\t                         datetime=\"2026-04-19T17:20:59+00:00\">Avr 19, 2026<\/time><\/span>\r\n\t\t\t\t\t\t<\/div>\r\n\t\t\t<\/div>\r\n\t<\/article >\r\n\t<article class=\"post-13593 type-post format-standard has-post-thumbnail   listing-item listing-item-thumbnail listing-item-tb-1 main-term-3070\">\r\n\t<div class=\"item-inner clearfix\">\r\n\t\t\t\t\t<div class=\"featured featured-type-featured-image\">\r\n\t\t\t\t<a  title=\"Zaho est de retour : \u201cVersatile\u201d, un album introspectif et audacieux\" data-src=\"https:\/\/culturbaine.com\/wp-content\/uploads\/2026\/04\/17751597870332-86x64.jpg\" data-bs-srcset=\"{&quot;baseurl&quot;:&quot;https:\\\/\\\/culturbaine.com\\\/wp-content\\\/uploads\\\/2026\\\/04\\\/&quot;,&quot;sizes&quot;:{&quot;86&quot;:&quot;17751597870332-86x64.jpg&quot;,&quot;210&quot;:&quot;17751597870332-210x136.jpg&quot;,&quot;720&quot;:&quot;17751597870332.jpg&quot;}}\"\t\t\t\t\t\tclass=\"img-holder\" href=\"https:\/\/culturbaine.com\/index.php\/2026\/04\/03\/zaho-est-de-retour-versatile-un-album-introspectif-et-audacieux\/\"><\/a>\r\n\t\t\t\t\t\t\t<\/div>\r\n\t\t<h2 class=\"title\">\t\t<a href=\"https:\/\/culturbaine.com\/index.php\/2026\/04\/03\/zaho-est-de-retour-versatile-un-album-introspectif-et-audacieux\/\" class=\"post-url post-title\">\r\n\t\t\tZaho est de retour : \u201cVersatile\u201d, un album&hellip;\t\t<\/a>\r\n\t\t<\/h2>\t\t<div class=\"post-meta\">\r\n\r\n\t\t\t\t\t\t\t<span class=\"time\"><time class=\"post-published updated\"\r\n\t\t\t\t                         datetime=\"2026-04-03T15:08:01+00:00\">Avr 3, 2026<\/time><\/span>\r\n\t\t\t\t\t\t<\/div>\r\n\t\t\t<\/div>\r\n\t<\/article >\r\n\t<article class=\"post-13573 type-post format-standard has-post-thumbnail   listing-item listing-item-thumbnail listing-item-tb-1 main-term-500\">\r\n\t<div class=\"item-inner clearfix\">\r\n\t\t\t\t\t<div class=\"featured featured-type-featured-image\">\r\n\t\t\t\t<a  title=\"Gims r\u00e9pond \u00e0 sa situation judiciaire en musique : \u201cils veulent me mettre aux arr\u00eats\u2026\u201d\" data-src=\"https:\/\/culturbaine.com\/wp-content\/uploads\/2026\/03\/17749095573472-86x64.jpg\" data-bs-srcset=\"{&quot;baseurl&quot;:&quot;https:\\\/\\\/culturbaine.com\\\/wp-content\\\/uploads\\\/2026\\\/03\\\/&quot;,&quot;sizes&quot;:{&quot;86&quot;:&quot;17749095573472-86x64.jpg&quot;,&quot;210&quot;:&quot;17749095573472-210x136.jpg&quot;,&quot;720&quot;:&quot;17749095573472.jpg&quot;}}\"\t\t\t\t\t\tclass=\"img-holder\" href=\"https:\/\/culturbaine.com\/index.php\/2026\/03\/30\/gims-repond-a-sa-situation-judiciaire-en-musique-ils-veulent-me-mettre-aux-arrets\/\"><\/a>\r\n\t\t\t\t\t\t\t<\/div>\r\n\t\t<h2 class=\"title\">\t\t<a href=\"https:\/\/culturbaine.com\/index.php\/2026\/03\/30\/gims-repond-a-sa-situation-judiciaire-en-musique-ils-veulent-me-mettre-aux-arrets\/\" class=\"post-url post-title\">\r\n\t\t\tGims r\u00e9pond \u00e0 sa situation judiciaire en musique :&hellip;\t\t<\/a>\r\n\t\t<\/h2>\t\t<div class=\"post-meta\">\r\n\r\n\t\t\t\t\t\t\t<span class=\"time\"><time class=\"post-published updated\"\r\n\t\t\t\t                         datetime=\"2026-03-30T22:35:09+00:00\">Mar 30, 2026<\/time><\/span>\r\n\t\t\t\t\t\t<\/div>\r\n\t\t\t<\/div>\r\n\t<\/article >\r\n\t<article class=\"post-13424 type-post format-standard has-post-thumbnail   listing-item listing-item-thumbnail listing-item-tb-1 main-term-500\">\r\n\t<div class=\"item-inner clearfix\">\r\n\t\t\t\t\t<div class=\"featured featured-type-featured-image\">\r\n\t\t\t\t<a  title=\"Foot 2 Rue : Black M pr\u00eate sa voix \u00e0 la bande dessin\u00e9e\" data-src=\"https:\/\/culturbaine.com\/wp-content\/uploads\/2026\/03\/PhotoCollage_1772482241737-86x64.png\" data-bs-srcset=\"{&quot;baseurl&quot;:&quot;https:\\\/\\\/culturbaine.com\\\/wp-content\\\/uploads\\\/2026\\\/03\\\/&quot;,&quot;sizes&quot;:{&quot;86&quot;:&quot;PhotoCollage_1772482241737-86x64.png&quot;,&quot;210&quot;:&quot;PhotoCollage_1772482241737-210x136.png&quot;,&quot;2160&quot;:&quot;PhotoCollage_1772482241737.png&quot;}}\"\t\t\t\t\t\tclass=\"img-holder\" href=\"https:\/\/culturbaine.com\/index.php\/2026\/03\/02\/foot-2-rue-black-m-prete-sa-voix-a-la-bande-dessinee\/\"><\/a>\r\n\t\t\t\t\t\t\t<\/div>\r\n\t\t<h2 class=\"title\">\t\t<a href=\"https:\/\/culturbaine.com\/index.php\/2026\/03\/02\/foot-2-rue-black-m-prete-sa-voix-a-la-bande-dessinee\/\" class=\"post-url post-title\">\r\n\t\t\tFoot 2 Rue : Black M pr\u00eate sa voix \u00e0 la bande&hellip;\t\t<\/a>\r\n\t\t<\/h2>\t\t<div class=\"post-meta\">\r\n\r\n\t\t\t\t\t\t\t<span class=\"time\"><time class=\"post-published updated\"\r\n\t\t\t\t                         datetime=\"2026-03-02T20:15:34+00:00\">Mar 2, 2026<\/time><\/span>\r\n\t\t\t\t\t\t<\/div>\r\n\t\t\t<\/div>\r\n\t<\/article >\r\n\t<\/div>\r\n\t<\/div>\t<div id=\"bsnp-71117976\" class=\"bs-shortcode bs-newsletter-pack bsnp-feedburner bsnp-st-widget bsnp-t1 bsnp-s4 \">\n\t\t\n\t\t<div class=\"bsnp-bc\">\n\n\t\t\t\n\t\t\t\t\t\t\t<div class=\"bsnp-desc\">Sign up here to get the latest news and updates delivered directly to your inbox.<\/div>\n\t\t\t\n\t\t\t\n\t\t\t\t\t\t<form method=\"post\" action=\"\/\/feedburner.google.com\/fb\/a\/mailverify\" class=\"bsnp-form clearfix \" target=\"_blank\">\n\t\t\t\t            <input type=\"hidden\" value=\"dfsg\" name=\"uri\"\/>\n\t\t\t\t            <input type=\"hidden\" name=\"loc\" value=\"fr_FR\"\/>\n\t\t\t\t            <div class=\"bsnp-inputs-wrap bsnp-clearfix bsnp-2-row\">\n\t\t\t\t\t            <div class=\"bsnp-field-w bsnp-field-input-w\"><input autocomplete=\"email\" x-autocompletetype=\"email\" spellcheck=\"false\" autocapitalize=\"off\" autocorrect=\"off\" id=\"feedburner-email\" name=\"email\" class=\"bsnp-input \" placeholder=\"\" \/><i class=\"bsnp-icon fa fa-envelope\"><\/i><\/div>\n\t\t\t\t\t            <div class=\"bsnp-field-w bsnp-field-button-w\"><button class=\"bsnp-button\" name=\"submit\" type=\"submit\"><\/button><\/div>\n\t\t\t\t\t\t\t<\/div>\n\t\t\t            <\/form>\n\t\t\t\n\t\t\t\t\t<\/div>\n\t<\/div>\n[\/vc_column][\/vc_row][vc_row][vc_column][\/vc_column][\/vc_row][vc_row][vc_column width=\u00a0\u00bb2\/3&Prime; column_custom_size=\u00a0\u00bb2-main-column\u00a0\u00bb]<div class=\" bs-listing bs-listing-listing-thumbnail-3 bs-listing-single-tab\">\t\t<h3 class=\"section-heading sh-t7 sh-s1 main-term-33\">\r\n\r\n\t\t\r\n\t\t\t\t\t\t\t<a href=\"https:\/\/culturbaine.com\/index.php\/category\/agenda\/\" class=\"main-link\">\r\n\t\t\t\t\t\t\t<span class=\"h-text main-term-33\">\r\n\t\t\t\t\t\t\t\tAgenda\t\t\t\t\t\t\t<\/span>\r\n\t\t\t\t<\/a>\r\n\t\t\t\r\n\t\t\r\n\t\t<\/h3>\r\n\t\t\t<div class=\"listing listing-thumbnail listing-tb-3 clearfix columns-2\">\r\n\t<article  class=\"post-13785 type-post format-standard has-post-thumbnail   listing-item listing-item-thumbnail listing-item-tb-3 main-term-2387\">\r\n<div class=\"item-inner clearfix\">\r\n\t\t\t\t<div class=\"featured featured-type-featured-image\">\r\n\t\t\t<a  title=\"Conak\u2019Rire Saison 4 : Le Slameur de l\u2019Ombre, la surprise qui va marquer la sc\u00e8ne\" data-src=\"https:\/\/culturbaine.com\/wp-content\/uploads\/2026\/04\/17773670741432-86x64.jpg\" data-bs-srcset=\"{&quot;baseurl&quot;:&quot;https:\\\/\\\/culturbaine.com\\\/wp-content\\\/uploads\\\/2026\\\/04\\\/&quot;,&quot;sizes&quot;:{&quot;86&quot;:&quot;17773670741432-86x64.jpg&quot;,&quot;210&quot;:&quot;17773670741432-210x136.jpg&quot;,&quot;715&quot;:&quot;17773670741432.jpg&quot;}}\"\t\t\t\t\tclass=\"img-holder\" href=\"https:\/\/culturbaine.com\/index.php\/2026\/04\/28\/conakrire-saison-4-le-slameur-de-lombre-la-surprise-qui-va-marquer-la-scene\/\"><\/a>\r\n\t\t\t\t\t<\/div>\r\n\t<h2 class=\"title\">\t<a class=\"post-url\" href=\"https:\/\/culturbaine.com\/index.php\/2026\/04\/28\/conakrire-saison-4-le-slameur-de-lombre-la-surprise-qui-va-marquer-la-scene\/\" title=\"Conak\u2019Rire Saison 4 : Le Slameur de l\u2019Ombre, la surprise qui va marquer la sc\u00e8ne\">\r\n\t\t<span class=\"post-title\">\r\n\t\t\tConak\u2019Rire Saison 4 : Le Slameur de l\u2019Ombre, la surprise qui&hellip;\t\t<\/span>\r\n\t<\/a>\r\n\t<\/h2>\t\t<div class=\"post-meta\">\r\n\r\n\t\t\t\t\t\t\t<span class=\"time\"><time class=\"post-published updated\"\r\n\t\t\t\t                         datetime=\"2026-04-28T09:13:46+00:00\">Avr 28, 2026<\/time><\/span>\r\n\t\t\t\t\t\t<\/div>\r\n\t\t<\/div>\r\n<\/article >\r\n<article  class=\"post-13749 type-post format-standard has-post-thumbnail   listing-item listing-item-thumbnail listing-item-tb-3 main-term-33\">\r\n<div class=\"item-inner clearfix\">\r\n\t\t\t\t<div class=\"featured featured-type-featured-image\">\r\n\t\t\t<a  title=\"Ans-T Crazy quitte les salles communautaires et vise le Z\u00e9nith de Paris\" data-src=\"https:\/\/culturbaine.com\/wp-content\/uploads\/2026\/04\/17769337963092-86x64.jpg\" data-bs-srcset=\"{&quot;baseurl&quot;:&quot;https:\\\/\\\/culturbaine.com\\\/wp-content\\\/uploads\\\/2026\\\/04\\\/&quot;,&quot;sizes&quot;:{&quot;86&quot;:&quot;17769337963092-86x64.jpg&quot;,&quot;210&quot;:&quot;17769337963092-210x136.jpg&quot;,&quot;720&quot;:&quot;17769337963092.jpg&quot;}}\"\t\t\t\t\tclass=\"img-holder\" href=\"https:\/\/culturbaine.com\/index.php\/2026\/04\/23\/ans-t-crazy-quitte-les-salles-communautaires-et-vise-le-zenith-de-paris\/\"><\/a>\r\n\t\t\t\t\t<\/div>\r\n\t<h2 class=\"title\">\t<a class=\"post-url\" href=\"https:\/\/culturbaine.com\/index.php\/2026\/04\/23\/ans-t-crazy-quitte-les-salles-communautaires-et-vise-le-zenith-de-paris\/\" title=\"Ans-T Crazy quitte les salles communautaires et vise le Z\u00e9nith de Paris\">\r\n\t\t<span class=\"post-title\">\r\n\t\t\tAns-T Crazy quitte les salles communautaires et vise le&hellip;\t\t<\/span>\r\n\t<\/a>\r\n\t<\/h2>\t\t<div class=\"post-meta\">\r\n\r\n\t\t\t\t\t\t\t<span class=\"time\"><time class=\"post-published updated\"\r\n\t\t\t\t                         datetime=\"2026-04-23T08:57:25+00:00\">Avr 23, 2026<\/time><\/span>\r\n\t\t\t\t\t\t<\/div>\r\n\t\t<\/div>\r\n<\/article >\r\n<article  class=\"post-13739 type-post format-standard has-post-thumbnail   listing-item listing-item-thumbnail listing-item-tb-3 main-term-2387\">\r\n<div class=\"item-inner clearfix\">\r\n\t\t\t\t<div class=\"featured featured-type-featured-image\">\r\n\t\t\t<a  title=\"Festival Nimba Acte 4 : une affiche XXL pour la diaspora\" data-src=\"https:\/\/culturbaine.com\/wp-content\/uploads\/2026\/04\/PhotoCollage_1776795348908-86x64.png\" data-bs-srcset=\"{&quot;baseurl&quot;:&quot;https:\\\/\\\/culturbaine.com\\\/wp-content\\\/uploads\\\/2026\\\/04\\\/&quot;,&quot;sizes&quot;:{&quot;86&quot;:&quot;PhotoCollage_1776795348908-86x64.png&quot;,&quot;210&quot;:&quot;PhotoCollage_1776795348908-210x136.png&quot;,&quot;2160&quot;:&quot;PhotoCollage_1776795348908.png&quot;}}\"\t\t\t\t\tclass=\"img-holder\" href=\"https:\/\/culturbaine.com\/index.php\/2026\/04\/21\/festival-nimba-acte-4-une-affiche-xxl-pour-la-diaspora\/\"><\/a>\r\n\t\t\t\t\t<\/div>\r\n\t<h2 class=\"title\">\t<a class=\"post-url\" href=\"https:\/\/culturbaine.com\/index.php\/2026\/04\/21\/festival-nimba-acte-4-une-affiche-xxl-pour-la-diaspora\/\" title=\"Festival Nimba Acte 4 : une affiche XXL pour la diaspora\">\r\n\t\t<span class=\"post-title\">\r\n\t\t\tFestival Nimba Acte 4 : une affiche XXL pour la diaspora\t\t<\/span>\r\n\t<\/a>\r\n\t<\/h2>\t\t<div class=\"post-meta\">\r\n\r\n\t\t\t\t\t\t\t<span class=\"time\"><time class=\"post-published updated\"\r\n\t\t\t\t                         datetime=\"2026-04-21T18:32:52+00:00\">Avr 21, 2026<\/time><\/span>\r\n\t\t\t\t\t\t<\/div>\r\n\t\t<\/div>\r\n<\/article >\r\n<article  class=\"post-13731 type-post format-standard has-post-thumbnail   listing-item listing-item-thumbnail listing-item-tb-3 main-term-33\">\r\n<div class=\"item-inner clearfix\">\r\n\t\t\t\t<div class=\"featured featured-type-featured-image\">\r\n\t\t\t<a  title=\"Qu\u00e9bec : Mo\u00efse 1er pr\u00e9pare un One Mo Show entre humour, slam et musique\" data-src=\"https:\/\/culturbaine.com\/wp-content\/uploads\/2026\/04\/IMG-20260418-WA00292-86x64.jpg\" data-bs-srcset=\"{&quot;baseurl&quot;:&quot;https:\\\/\\\/culturbaine.com\\\/wp-content\\\/uploads\\\/2026\\\/04\\\/&quot;,&quot;sizes&quot;:{&quot;86&quot;:&quot;IMG-20260418-WA00292-86x64.jpg&quot;,&quot;210&quot;:&quot;IMG-20260418-WA00292-210x136.jpg&quot;,&quot;864&quot;:&quot;IMG-20260418-WA00292.jpg&quot;}}\"\t\t\t\t\tclass=\"img-holder\" href=\"https:\/\/culturbaine.com\/index.php\/2026\/04\/20\/quebec-moise-1er-prepare-un-one-mo-show-entre-humour-slam-et-musique\/\"><\/a>\r\n\t\t\t\t\t<\/div>\r\n\t<h2 class=\"title\">\t<a class=\"post-url\" href=\"https:\/\/culturbaine.com\/index.php\/2026\/04\/20\/quebec-moise-1er-prepare-un-one-mo-show-entre-humour-slam-et-musique\/\" title=\"Qu\u00e9bec : Mo\u00efse 1er pr\u00e9pare un One Mo Show entre humour, slam et musique\">\r\n\t\t<span class=\"post-title\">\r\n\t\t\tQu\u00e9bec : Mo\u00efse 1er pr\u00e9pare un One Mo Show entre humour, slam&hellip;\t\t<\/span>\r\n\t<\/a>\r\n\t<\/h2>\t\t<div class=\"post-meta\">\r\n\r\n\t\t\t\t\t\t\t<span class=\"time\"><time class=\"post-published updated\"\r\n\t\t\t\t                         datetime=\"2026-04-20T10:12:26+00:00\">Avr 20, 2026<\/time><\/span>\r\n\t\t\t\t\t\t<\/div>\r\n\t\t<\/div>\r\n<\/article >\r\n<article  class=\"post-13715 type-post format-standard has-post-thumbnail   listing-item listing-item-thumbnail listing-item-tb-3 main-term-33\">\r\n<div class=\"item-inner clearfix\">\r\n\t\t\t\t<div class=\"featured featured-type-featured-image\">\r\n\t\t\t<a  title=\"Davido en concert live les 8 et 9 mai \u00e0 Conakry !\" data-src=\"https:\/\/culturbaine.com\/wp-content\/uploads\/2026\/04\/IMG_20260417_235322-86x64.jpg\" data-bs-srcset=\"{&quot;baseurl&quot;:&quot;https:\\\/\\\/culturbaine.com\\\/wp-content\\\/uploads\\\/2026\\\/04\\\/&quot;,&quot;sizes&quot;:{&quot;86&quot;:&quot;IMG_20260417_235322-86x64.jpg&quot;,&quot;210&quot;:&quot;IMG_20260417_235322-210x136.jpg&quot;,&quot;720&quot;:&quot;IMG_20260417_235322.jpg&quot;}}\"\t\t\t\t\tclass=\"img-holder\" href=\"https:\/\/culturbaine.com\/index.php\/2026\/04\/18\/davido-en-concert-live-les-8-et-9-mai-a-conakry\/\"><\/a>\r\n\t\t\t\t\t<\/div>\r\n\t<h2 class=\"title\">\t<a class=\"post-url\" href=\"https:\/\/culturbaine.com\/index.php\/2026\/04\/18\/davido-en-concert-live-les-8-et-9-mai-a-conakry\/\" title=\"Davido en concert live les 8 et 9 mai \u00e0 Conakry !\">\r\n\t\t<span class=\"post-title\">\r\n\t\t\tDavido en concert live les 8 et 9 mai \u00e0 Conakry !\t\t<\/span>\r\n\t<\/a>\r\n\t<\/h2>\t\t<div class=\"post-meta\">\r\n\r\n\t\t\t\t\t\t\t<span class=\"time\"><time class=\"post-published updated\"\r\n\t\t\t\t                         datetime=\"2026-04-18T00:02:32+00:00\">Avr 18, 2026<\/time><\/span>\r\n\t\t\t\t\t\t<\/div>\r\n\t\t<\/div>\r\n<\/article >\r\n<article  class=\"post-13709 type-post format-standard has-post-thumbnail   listing-item listing-item-thumbnail listing-item-tb-3 main-term-3070\">\r\n<div class=\"item-inner clearfix\">\r\n\t\t\t\t<div class=\"featured featured-type-featured-image\">\r\n\t\t\t<a  title=\"Concert d\u00e9dicace \u201cWakilar\u00e8\u201d : Araphan DJ promet un spectacle m\u00e9morable\u00a0\" data-src=\"https:\/\/culturbaine.com\/wp-content\/uploads\/2026\/04\/IMG-20260417-WA00592-86x64.jpg\" data-bs-srcset=\"{&quot;baseurl&quot;:&quot;https:\\\/\\\/culturbaine.com\\\/wp-content\\\/uploads\\\/2026\\\/04\\\/&quot;,&quot;sizes&quot;:{&quot;86&quot;:&quot;IMG-20260417-WA00592-86x64.jpg&quot;,&quot;210&quot;:&quot;IMG-20260417-WA00592-210x136.jpg&quot;,&quot;906&quot;:&quot;IMG-20260417-WA00592.jpg&quot;}}\"\t\t\t\t\tclass=\"img-holder\" href=\"https:\/\/culturbaine.com\/index.php\/2026\/04\/17\/concert-dedicace-wakilare-araphan-dj-promet-un-spectacle-memorable\/\"><\/a>\r\n\t\t\t\t\t<\/div>\r\n\t<h2 class=\"title\">\t<a class=\"post-url\" href=\"https:\/\/culturbaine.com\/index.php\/2026\/04\/17\/concert-dedicace-wakilare-araphan-dj-promet-un-spectacle-memorable\/\" title=\"Concert d\u00e9dicace \u201cWakilar\u00e8\u201d : Araphan DJ promet un spectacle m\u00e9morable\u00a0\">\r\n\t\t<span class=\"post-title\">\r\n\t\t\tConcert d\u00e9dicace \u201cWakilar\u00e8\u201d : Araphan DJ promet un spectacle&hellip;\t\t<\/span>\r\n\t<\/a>\r\n\t<\/h2>\t\t<div class=\"post-meta\">\r\n\r\n\t\t\t\t\t\t\t<span class=\"time\"><time class=\"post-published updated\"\r\n\t\t\t\t                         datetime=\"2026-04-17T20:18:31+00:00\">Avr 17, 2026<\/time><\/span>\r\n\t\t\t\t\t\t<\/div>\r\n\t\t<\/div>\r\n<\/article >\r\n\t<\/div>\r\n\t<\/div><div class=\" bs-listing bs-listing-listing-tall-2 bs-listing-single-tab\">\t\t<h3 class=\"section-heading sh-t7 sh-s1 main-term-34\">\r\n\r\n\t\t\r\n\t\t\t\t\t\t\t<a href=\"https:\/\/culturbaine.com\/index.php\/category\/interviews\/\" class=\"main-link\">\r\n\t\t\t\t\t\t\t<span class=\"h-text main-term-34\">\r\n\t\t\t\t\t\t\t\tInterviews\t\t\t\t\t\t\t<\/span>\r\n\t\t\t\t<\/a>\r\n\t\t\t\r\n\t\t\r\n\t\t<\/h3>\r\n\t\t\t<div class=\"listing listing-tall listing-tall-2 clearfix   columns-4\">\r\n\t\t<article class=\"post-13398 type-post format-standard has-post-thumbnail   listing-item listing-item-tall listing-item-tall-2 main-term-34\">\r\n\t<div class=\"item-inner clearfix\">\r\n\t\t\t\t\t<div class=\"featured clearfix\">\r\n\t\t\t\t<div class=\"term-badges floated\"><span class=\"term-badge term-34\"><a href=\"https:\/\/culturbaine.com\/index.php\/category\/interviews\/\">Interviews<\/a><\/span><\/div>\t\t\t\t<a  title=\"\u201cIl s\u2019est servi du hip-hop\u201d : A\u00efzeko (Kill Point)\u00a0 tacle Malick K\u00e9b\u00e9 sans filtre\" data-src=\"https:\/\/culturbaine.com\/wp-content\/uploads\/2026\/02\/17719324716042-368x445.jpg\" data-bs-srcset=\"{&quot;baseurl&quot;:&quot;https:\\\/\\\/culturbaine.com\\\/wp-content\\\/uploads\\\/2026\\\/02\\\/&quot;,&quot;sizes&quot;:{&quot;180&quot;:&quot;17719324716042-180x217.jpg&quot;,&quot;267&quot;:&quot;17719324716042-267x322.jpg&quot;,&quot;368&quot;:&quot;17719324716042-368x445.jpg&quot;,&quot;611&quot;:&quot;17719324716042.jpg&quot;}}\"\t\t\t\t\t\tclass=\"img-holder\" href=\"https:\/\/culturbaine.com\/index.php\/2026\/02\/24\/il-sest-servi-du-hip-hop-aizeko-kill-point-tacle-malick-kebe-sans-filtre\/\"><\/a>\r\n\t\t\t\t\t\t\t<\/div>\r\n\t\t<h2 class=\"title\">\t\t<a href=\"https:\/\/culturbaine.com\/index.php\/2026\/02\/24\/il-sest-servi-du-hip-hop-aizeko-kill-point-tacle-malick-kebe-sans-filtre\/\" class=\"post-title post-url\">\r\n\t\t\t\u201cIl s\u2019est servi du hip-hop\u201d : A\u00efzeko (Kill Point)\u00a0 tacle&hellip;\t\t<\/a>\r\n\t\t<\/h2>\t\t<div class=\"post-meta\">\r\n\r\n\t\t\t\t\t\t\t<a href=\"https:\/\/culturbaine.com\/index.php\/author\/admin1\/\"\r\n\t\t\t\t   title=\"Parcourir les articles Auteur\"\r\n\t\t\t\t   class=\"post-author-a\">\r\n\t\t\t\t\t<i class=\"post-author author\">\r\n\t\t\t\t\t\tadmin1\t\t\t\t\t<\/i>\r\n\t\t\t\t<\/a>\r\n\t\t\t\t\t\t\t<span class=\"time\"><time class=\"post-published updated\"\r\n\t\t\t\t                         datetime=\"2026-02-24T11:39:13+00:00\">F\u00e9v 24, 2026<\/time><\/span>\r\n\t\t\t\t\t\t<\/div>\r\n\t\t\t<\/div>\r\n\t<\/article >\r\n\t<article class=\"post-13251 type-post format-standard has-post-thumbnail   listing-item listing-item-tall listing-item-tall-2 main-term-34\">\r\n\t<div class=\"item-inner clearfix\">\r\n\t\t\t\t\t<div class=\"featured clearfix\">\r\n\t\t\t\t<div class=\"term-badges floated\"><span class=\"term-badge term-34\"><a href=\"https:\/\/culturbaine.com\/index.php\/category\/interviews\/\">Interviews<\/a><\/span><\/div>\t\t\t\t<a  title=\"Djelykaba, Saifon, AK : VJ d\u00e9voile ses artistes guin\u00e9ens pr\u00e9f\u00e9r\u00e9s !\" data-src=\"https:\/\/culturbaine.com\/wp-content\/uploads\/2026\/01\/PhotoCollage_1769502097329-368x445.png\" data-bs-srcset=\"{&quot;baseurl&quot;:&quot;https:\\\/\\\/culturbaine.com\\\/wp-content\\\/uploads\\\/2026\\\/01\\\/&quot;,&quot;sizes&quot;:{&quot;180&quot;:&quot;PhotoCollage_1769502097329-180x217.png&quot;,&quot;267&quot;:&quot;PhotoCollage_1769502097329-267x322.png&quot;,&quot;368&quot;:&quot;PhotoCollage_1769502097329-368x445.png&quot;,&quot;2160&quot;:&quot;PhotoCollage_1769502097329.png&quot;}}\"\t\t\t\t\t\tclass=\"img-holder\" href=\"https:\/\/culturbaine.com\/index.php\/2026\/01\/27\/djelykaba-saifon-ak-vj-devoile-ses-artistes-guineens-preferes\/\"><\/a>\r\n\t\t\t\t\t\t\t<\/div>\r\n\t\t<h2 class=\"title\">\t\t<a href=\"https:\/\/culturbaine.com\/index.php\/2026\/01\/27\/djelykaba-saifon-ak-vj-devoile-ses-artistes-guineens-preferes\/\" class=\"post-title post-url\">\r\n\t\t\tDjelykaba, Saifon, AK : VJ d\u00e9voile ses artistes guin\u00e9ens&hellip;\t\t<\/a>\r\n\t\t<\/h2>\t\t<div class=\"post-meta\">\r\n\r\n\t\t\t\t\t\t\t<a href=\"https:\/\/culturbaine.com\/index.php\/author\/admin1\/\"\r\n\t\t\t\t   title=\"Parcourir les articles Auteur\"\r\n\t\t\t\t   class=\"post-author-a\">\r\n\t\t\t\t\t<i class=\"post-author author\">\r\n\t\t\t\t\t\tadmin1\t\t\t\t\t<\/i>\r\n\t\t\t\t<\/a>\r\n\t\t\t\t\t\t\t<span class=\"time\"><time class=\"post-published updated\"\r\n\t\t\t\t                         datetime=\"2026-01-27T08:27:06+00:00\">Jan 27, 2026<\/time><\/span>\r\n\t\t\t\t\t\t<\/div>\r\n\t\t\t<\/div>\r\n\t<\/article >\r\n\t<article class=\"post-13175 type-post format-standard has-post-thumbnail   listing-item listing-item-tall listing-item-tall-2 main-term-34\">\r\n\t<div class=\"item-inner clearfix\">\r\n\t\t\t\t\t<div class=\"featured clearfix\">\r\n\t\t\t\t<div class=\"term-badges floated\"><span class=\"term-badge term-34\"><a href=\"https:\/\/culturbaine.com\/index.php\/category\/interviews\/\">Interviews<\/a><\/span><\/div>\t\t\t\t<a  title=\"\u00abJe suis cru, pas insultant \u00bb : Balthazar DY met les points sur les (i) !\" data-src=\"https:\/\/culturbaine.com\/wp-content\/uploads\/2025\/12\/17670385586282-368x445.jpg\" data-bs-srcset=\"{&quot;baseurl&quot;:&quot;https:\\\/\\\/culturbaine.com\\\/wp-content\\\/uploads\\\/2025\\\/12\\\/&quot;,&quot;sizes&quot;:{&quot;180&quot;:&quot;17670385586282-180x217.jpg&quot;,&quot;267&quot;:&quot;17670385586282-267x322.jpg&quot;,&quot;368&quot;:&quot;17670385586282-368x445.jpg&quot;,&quot;715&quot;:&quot;17670385586282.jpg&quot;}}\"\t\t\t\t\t\tclass=\"img-holder\" href=\"https:\/\/culturbaine.com\/index.php\/2025\/12\/29\/je-suis-cru-pas-insultant-balthazar-dy-met-les-points-sur-les-i\/\"><\/a>\r\n\t\t\t\t\t\t\t<\/div>\r\n\t\t<h2 class=\"title\">\t\t<a href=\"https:\/\/culturbaine.com\/index.php\/2025\/12\/29\/je-suis-cru-pas-insultant-balthazar-dy-met-les-points-sur-les-i\/\" class=\"post-title post-url\">\r\n\t\t\t\u00abJe suis cru, pas insultant \u00bb : Balthazar DY met les&hellip;\t\t<\/a>\r\n\t\t<\/h2>\t\t<div class=\"post-meta\">\r\n\r\n\t\t\t\t\t\t\t<a href=\"https:\/\/culturbaine.com\/index.php\/author\/admin1\/\"\r\n\t\t\t\t   title=\"Parcourir les articles Auteur\"\r\n\t\t\t\t   class=\"post-author-a\">\r\n\t\t\t\t\t<i class=\"post-author author\">\r\n\t\t\t\t\t\tadmin1\t\t\t\t\t<\/i>\r\n\t\t\t\t<\/a>\r\n\t\t\t\t\t\t\t<span class=\"time\"><time class=\"post-published updated\"\r\n\t\t\t\t                         datetime=\"2025-12-29T20:37:03+00:00\">D\u00e9c 29, 2025<\/time><\/span>\r\n\t\t\t\t\t\t<\/div>\r\n\t\t\t<\/div>\r\n\t<\/article >\r\n\t<article class=\"post-13101 type-post format-standard has-post-thumbnail   listing-item listing-item-tall listing-item-tall-2 main-term-34\">\r\n\t<div class=\"item-inner clearfix\">\r\n\t\t\t\t\t<div class=\"featured clearfix\">\r\n\t\t\t\t<div class=\"term-badges floated\"><span class=\"term-badge term-34\"><a href=\"https:\/\/culturbaine.com\/index.php\/category\/interviews\/\">Interviews<\/a><\/span><\/div>\t\t\t\t<a  title=\"Musique guin\u00e9enne : Souma\u00efla Sunjata Koly identifie deux leviers pour s\u2019imposer \u00e0 l\u2019international\" data-src=\"https:\/\/culturbaine.com\/wp-content\/uploads\/2025\/12\/1765313193802-368x445.jpg\" data-bs-srcset=\"{&quot;baseurl&quot;:&quot;https:\\\/\\\/culturbaine.com\\\/wp-content\\\/uploads\\\/2025\\\/12\\\/&quot;,&quot;sizes&quot;:{&quot;180&quot;:&quot;1765313193802-180x217.jpg&quot;,&quot;267&quot;:&quot;1765313193802-267x322.jpg&quot;,&quot;368&quot;:&quot;1765313193802-368x445.jpg&quot;,&quot;960&quot;:&quot;1765313193802.jpg&quot;}}\"\t\t\t\t\t\tclass=\"img-holder\" href=\"https:\/\/culturbaine.com\/index.php\/2025\/12\/10\/musique-guineenne-soumaila-sunjata-koly-identifie-deux-leviers-pour-simposer-a-linternational\/\"><\/a>\r\n\t\t\t\t\t\t\t<\/div>\r\n\t\t<h2 class=\"title\">\t\t<a href=\"https:\/\/culturbaine.com\/index.php\/2025\/12\/10\/musique-guineenne-soumaila-sunjata-koly-identifie-deux-leviers-pour-simposer-a-linternational\/\" class=\"post-title post-url\">\r\n\t\t\tMusique guin\u00e9enne : Souma\u00efla Sunjata Koly identifie deux&hellip;\t\t<\/a>\r\n\t\t<\/h2>\t\t<div class=\"post-meta\">\r\n\r\n\t\t\t\t\t\t\t<a href=\"https:\/\/culturbaine.com\/index.php\/author\/admin1\/\"\r\n\t\t\t\t   title=\"Parcourir les articles Auteur\"\r\n\t\t\t\t   class=\"post-author-a\">\r\n\t\t\t\t\t<i class=\"post-author author\">\r\n\t\t\t\t\t\tadmin1\t\t\t\t\t<\/i>\r\n\t\t\t\t<\/a>\r\n\t\t\t\t\t\t\t<span class=\"time\"><time class=\"post-published updated\"\r\n\t\t\t\t                         datetime=\"2025-12-10T06:37:30+00:00\">D\u00e9c 10, 2025<\/time><\/span>\r\n\t\t\t\t\t\t<\/div>\r\n\t\t\t<\/div>\r\n\t<\/article >\r\n\t<\/div>\r\n\t<\/div>[\/vc_column][vc_column width=\u00a0\u00bb1\/3&Prime; sticky_sidebar=\u00a0\u00bbtrue\u00a0\u00bb is_sidebar=\u00a0\u00bbtrue\u00a0\u00bb column_custom_size=\u00a0\u00bb2-primary-column\u00a0\u00bb]<div class=\" bs-listing bs-listing-listing-mix-3-4 bs-listing-single-tab\">\t\t<h3 class=\"section-heading sh-t7 sh-s1 main-term-27\">\r\n\r\n\t\t\r\n\t\t\t\t\t\t\t<a href=\"https:\/\/culturbaine.com\/index.php\/category\/clip\/\" class=\"main-link\">\r\n\t\t\t\t\t\t\t<span class=\"h-text main-term-27\">\r\n\t\t\t\t\t\t\t\tClip\t\t\t\t\t\t\t<\/span>\r\n\t\t\t\t<\/a>\r\n\t\t\t\r\n\t\t\r\n\t\t<\/h3>\r\n\t\t\t<div class=\"listing listing-mix-3-4 clearfix \">\r\n\t\t<div class=\"item-inner\">\r\n\t\t\t<div class=\"row-1\">\r\n\t\t\t\t\t<div class=\"listing listing-modern-grid listing-modern-grid-3 clearfix columns-1 slider-overlay-simple-gr\">\r\n\t\t\t<article class=\"post-13688 type-post format-standard has-post-thumbnail  listing-item-1 listing-item listing-mg-item listing-mg-3-item main-term-21 bsw-1100\">\r\n\t<div class=\"item-content\">\r\n\t\t<a  title=\"\u201cTakha Clash\u201c : Le M\u00e9langeur remet Thiird \u00e0 sa place en musique\u00a0\" data-src=\"https:\/\/culturbaine.com\/wp-content\/uploads\/2026\/04\/Screenshot_20260413-221500.jpg\" data-bs-srcset=\"{&quot;baseurl&quot;:&quot;https:\\\/\\\/culturbaine.com\\\/wp-content\\\/uploads\\\/2026\\\/04\\\/&quot;,&quot;sizes&quot;:{&quot;210&quot;:&quot;Screenshot_20260413-221500-210x136.jpg&quot;,&quot;279&quot;:&quot;Screenshot_20260413-221500-279x220.jpg&quot;,&quot;357&quot;:&quot;Screenshot_20260413-221500-357x210.jpg&quot;,&quot;609&quot;:&quot;Screenshot_20260413-221500.jpg&quot;}}\"\t\t\t\tclass=\"img-cont\" href=\"https:\/\/culturbaine.com\/index.php\/2026\/04\/14\/takha-clash-le-melangeur-remet-thiird-a-sa-place-en-musique\/\"><\/a>\r\n\t\t\t\t<div class=\"content-container\">\r\n\t\t\t<div class=\"term-badges floated\"><span class=\"term-badge term-21\"><a href=\"https:\/\/culturbaine.com\/index.php\/category\/actualite\/\">Actualit\u00e9<\/a><\/span><\/div><h2 class=\"title\">\t\t\t<a href=\"https:\/\/culturbaine.com\/index.php\/2026\/04\/14\/takha-clash-le-melangeur-remet-thiird-a-sa-place-en-musique\/\" class=\"post-title post-url\">\r\n\t\t\t\t\u201cTakha Clash\u201c : Le M\u00e9langeur remet Thiird \u00e0 sa place en musique\u00a0\t\t\t<\/a>\r\n\t\t\t<\/h2>\t\t<div class=\"post-meta\">\r\n\r\n\t\t\t\t\t\t\t<a href=\"https:\/\/culturbaine.com\/index.php\/author\/admin1\/\"\r\n\t\t\t\t   title=\"Parcourir les articles Auteur\"\r\n\t\t\t\t   class=\"post-author-a\">\r\n\t\t\t\t\t<i class=\"post-author author\">\r\n\t\t\t\t\t\tadmin1\t\t\t\t\t<\/i>\r\n\t\t\t\t<\/a>\r\n\t\t\t\t\t\t\t<span class=\"time\"><time class=\"post-published updated\"\r\n\t\t\t\t                         datetime=\"2026-04-14T09:38:37+00:00\">Avr 14, 2026<\/time><\/span>\r\n\t\t\t\t\t\t<\/div>\r\n\t\t\t\t<\/div>\r\n\t<\/div>\r\n\t<\/article >\r\n\t<\/div>\r\n\t\t\t<\/div>\r\n\t\t\t\t\t\t\t<div class=\"row-2\">\r\n\t\t\t\t\t\t<div class=\"listing listing-thumbnail listing-tb-1 clearfix columns-1\">\r\n\t\t<article class=\"post-13679 type-post format-standard has-post-thumbnail  listing-item-1 listing-item listing-item-thumbnail listing-item-tb-1 main-term-27\">\r\n\t<div class=\"item-inner clearfix\">\r\n\t\t\t\t\t<div class=\"featured featured-type-featured-image\">\r\n\t\t\t\t<a  title=\"MSKEY l\u00e2che \u201cGhetto\u201d : un clip entre r\u00e9alit\u00e9 brute et vibe afrobeat\" data-src=\"https:\/\/culturbaine.com\/wp-content\/uploads\/2026\/04\/IMG-20260412-WA0024-86x64.jpg\" data-bs-srcset=\"{&quot;baseurl&quot;:&quot;https:\\\/\\\/culturbaine.com\\\/wp-content\\\/uploads\\\/2026\\\/04\\\/&quot;,&quot;sizes&quot;:{&quot;86&quot;:&quot;IMG-20260412-WA0024-86x64.jpg&quot;,&quot;210&quot;:&quot;IMG-20260412-WA0024-210x136.jpg&quot;,&quot;1080&quot;:&quot;IMG-20260412-WA0024.jpg&quot;}}\"\t\t\t\t\t\tclass=\"img-holder\" href=\"https:\/\/culturbaine.com\/index.php\/2026\/04\/12\/mskey-lache-ghetto-un-clip-entre-realite-brute-et-vibe-afrobeat\/\"><\/a>\r\n\t\t\t\t\t\t\t<\/div>\r\n\t\t<h2 class=\"title\">\t\t<a href=\"https:\/\/culturbaine.com\/index.php\/2026\/04\/12\/mskey-lache-ghetto-un-clip-entre-realite-brute-et-vibe-afrobeat\/\" class=\"post-url post-title\">\r\n\t\t\tMSKEY l\u00e2che \u201cGhetto\u201d : un clip entre r\u00e9alit\u00e9 brute et vibe afrobeat\t\t<\/a>\r\n\t\t<\/h2>\t\t<div class=\"post-meta\">\r\n\r\n\t\t\t\t\t\t\t<span class=\"time\"><time class=\"post-published updated\"\r\n\t\t\t\t                         datetime=\"2026-04-12T17:53:27+00:00\">Avr 12, 2026<\/time><\/span>\r\n\t\t\t\t\t\t<\/div>\r\n\t\t\t<\/div>\r\n\t<\/article >\r\n\t<article class=\"post-13676 type-post format-standard has-post-thumbnail  listing-item-1 listing-item listing-item-thumbnail listing-item-tb-1 main-term-27\">\r\n\t<div class=\"item-inner clearfix\">\r\n\t\t\t\t\t<div class=\"featured featured-type-featured-image\">\r\n\t\t\t\t<a  title=\"Thiird retrouve sa D.A et rallume le clash avec \u201cPapa Thiird\u201d\" data-src=\"https:\/\/culturbaine.com\/wp-content\/uploads\/2026\/04\/IMG_20260412_074631-86x64.jpg\" data-bs-srcset=\"{&quot;baseurl&quot;:&quot;https:\\\/\\\/culturbaine.com\\\/wp-content\\\/uploads\\\/2026\\\/04\\\/&quot;,&quot;sizes&quot;:{&quot;86&quot;:&quot;IMG_20260412_074631-86x64.jpg&quot;,&quot;210&quot;:&quot;IMG_20260412_074631-210x136.jpg&quot;,&quot;720&quot;:&quot;IMG_20260412_074631.jpg&quot;}}\"\t\t\t\t\t\tclass=\"img-holder\" href=\"https:\/\/culturbaine.com\/index.php\/2026\/04\/12\/thiird-retrouve-sa-d-a-et-rallume-le-clash-avec-papa-thiird\/\"><\/a>\r\n\t\t\t\t\t\t\t<\/div>\r\n\t\t<h2 class=\"title\">\t\t<a href=\"https:\/\/culturbaine.com\/index.php\/2026\/04\/12\/thiird-retrouve-sa-d-a-et-rallume-le-clash-avec-papa-thiird\/\" class=\"post-url post-title\">\r\n\t\t\tThiird retrouve sa D.A et rallume le clash avec \u201cPapa Thiird\u201d\t\t<\/a>\r\n\t\t<\/h2>\t\t<div class=\"post-meta\">\r\n\r\n\t\t\t\t\t\t\t<span class=\"time\"><time class=\"post-published updated\"\r\n\t\t\t\t                         datetime=\"2026-04-12T08:38:06+00:00\">Avr 12, 2026<\/time><\/span>\r\n\t\t\t\t\t\t<\/div>\r\n\t\t\t<\/div>\r\n\t<\/article >\r\n\t<article class=\"post-13631 type-post format-standard has-post-thumbnail  listing-item-1 listing-item listing-item-thumbnail listing-item-tb-1 main-term-27\">\r\n\t<div class=\"item-inner clearfix\">\r\n\t\t\t\t\t<div class=\"featured featured-type-featured-image\">\r\n\t\t\t\t<a  title=\"Thiird sans piti\u00e9 sur WYFL, le game est pr\u00e9venu\" data-src=\"https:\/\/culturbaine.com\/wp-content\/uploads\/2026\/04\/17754686601872-86x64.jpg\" data-bs-srcset=\"{&quot;baseurl&quot;:&quot;https:\\\/\\\/culturbaine.com\\\/wp-content\\\/uploads\\\/2026\\\/04\\\/&quot;,&quot;sizes&quot;:{&quot;86&quot;:&quot;17754686601872-86x64.jpg&quot;,&quot;210&quot;:&quot;17754686601872-210x136.jpg&quot;,&quot;715&quot;:&quot;17754686601872.jpg&quot;}}\"\t\t\t\t\t\tclass=\"img-holder\" href=\"https:\/\/culturbaine.com\/index.php\/2026\/04\/06\/thiird-sans-pitie-sur-wyfl-le-game-est-prevenu\/\"><\/a>\r\n\t\t\t\t\t\t\t<\/div>\r\n\t\t<h2 class=\"title\">\t\t<a href=\"https:\/\/culturbaine.com\/index.php\/2026\/04\/06\/thiird-sans-pitie-sur-wyfl-le-game-est-prevenu\/\" class=\"post-url post-title\">\r\n\t\t\tThiird sans piti\u00e9 sur WYFL, le game est pr\u00e9venu\t\t<\/a>\r\n\t\t<\/h2>\t\t<div class=\"post-meta\">\r\n\r\n\t\t\t\t\t\t\t<span class=\"time\"><time class=\"post-published updated\"\r\n\t\t\t\t                         datetime=\"2026-04-06T16:18:37+00:00\">Avr 6, 2026<\/time><\/span>\r\n\t\t\t\t\t\t<\/div>\r\n\t\t\t<\/div>\r\n\t<\/article >\r\n\t<\/div>\r\n\t\t\t\t\t<\/div>\r\n\t\t\t\t\t\t<\/div>\r\n\t<\/div>\r\n<\/div><div class=\" bs-listing bs-listing-listing-mix-4-7 bs-listing-single-tab\">\t\t<h3 class=\"section-heading sh-t7 sh-s1 main-term-35\">\r\n\r\n\t\t\r\n\t\t\t\t\t\t\t<a href=\"https:\/\/culturbaine.com\/index.php\/category\/nostal-ziks\/\" class=\"main-link\">\r\n\t\t\t\t\t\t\t<span class=\"h-text main-term-35\">\r\n\t\t\t\t\t\t\t\tNostal-Ziks\t\t\t\t\t\t\t<\/span>\r\n\t\t\t\t<\/a>\r\n\t\t\t\r\n\t\t\r\n\t\t<\/h3>\r\n\t\t\t<div class=\"listing listing-mix-4-7 \">\r\n\t\t<div class=\"item-inner clearfix\">\r\n\t\t\t\t<div class=\"listing listing-classic listing-classic-3 clearfix columns-1 columns-1\">\r\n\t\t<article class=\"post-13690 type-post format-standard has-post-thumbnail   listing-item listing-item-classic listing-item-classic-3 main-term-21 bsw-12 \">\r\n\t<div class=\"item-inner\">\r\n\t\t\t\t\t<div class=\"featured clearfix\">\r\n\t\t\t\t<div class=\"term-badges floated\"><span class=\"term-badge term-21\"><a href=\"https:\/\/culturbaine.com\/index.php\/category\/actualite\/\">Actualit\u00e9<\/a><\/span><\/div>\t\t\t\t<a  title=\"\u00ab\u00a0Guin\u00e9e Old School\u00a0\u00bb : les anciens du rap guin\u00e9en sortent de l\u2019ombre et pr\u00e9sentent leur projet \u00e0 Baidy Aribot\" data-src=\"https:\/\/culturbaine.com\/wp-content\/uploads\/2026\/04\/IMG_5488-750x430.jpg\" data-bs-srcset=\"{&quot;baseurl&quot;:&quot;https:\\\/\\\/culturbaine.com\\\/wp-content\\\/uploads\\\/2026\\\/04\\\/&quot;,&quot;sizes&quot;:{&quot;210&quot;:&quot;IMG_5488-210x136.jpg&quot;,&quot;279&quot;:&quot;IMG_5488-279x220.jpg&quot;,&quot;357&quot;:&quot;IMG_5488-357x210.jpg&quot;,&quot;750&quot;:&quot;IMG_5488-750x430.jpg&quot;,&quot;2560&quot;:&quot;IMG_5488-scaled.jpg&quot;}}\"\t\t\t\t\t\tclass=\"img-holder\" href=\"https:\/\/culturbaine.com\/index.php\/2026\/04\/14\/guinee-old-school-les-anciens-du-rap-guineen-sortent-de-lombre-et-presentent-leur-projet-a-baidy-aribot\/\"><\/a>\r\n\t\t\t\t\t\t\t\t<div class=\"title\">\r\n\t\t\t\t\t<h2 class=\"title-tag\">\t\t\t\t\t<a href=\"https:\/\/culturbaine.com\/index.php\/2026\/04\/14\/guinee-old-school-les-anciens-du-rap-guineen-sortent-de-lombre-et-presentent-leur-projet-a-baidy-aribot\/\" class=\"post-title post-url\">\r\n\t\t\t\t\t\t\u00ab\u00a0Guin\u00e9e Old School\u00a0\u00bb : les anciens du rap guin\u00e9en sortent de l\u2019ombre et pr\u00e9sentent leur projet \u00e0 Baidy Aribot\t\t\t\t\t<\/a>\r\n\t\t\t\t\t<\/h2>\t\t\t\t<\/div>\r\n\t\t\t<\/div>\r\n\t\t\r\n\t\t<div class=\"listing-inner\">\r\n\t\t\t\t\t<div class=\"post-meta\">\r\n\r\n\t\t\t\t\t\t\t<a href=\"https:\/\/culturbaine.com\/index.php\/author\/admin1\/\"\r\n\t\t\t\t   title=\"Parcourir les articles Auteur\"\r\n\t\t\t\t   class=\"post-author-a\">\r\n\t\t\t\t\t<i class=\"post-author author\">\r\n\t\t\t\t\t\tadmin1\t\t\t\t\t<\/i>\r\n\t\t\t\t<\/a>\r\n\t\t\t\t\t\t\t<span class=\"time\"><time class=\"post-published updated\"\r\n\t\t\t\t                         datetime=\"2026-04-14T20:15:08+00:00\">Avr 14, 2026<\/time><\/span>\r\n\t\t\t\t\t\t<\/div>\r\n\t\t\t\t\t\t<div class=\"post-summary\">\r\n\t\t\t\t\tLes figures de la vieille \u00e9cole du hip-hop guin\u00e9en poursuivent leur tourn\u00e9e de mobilisation autour du projet \u00ab Guin\u00e9e Old School \u00bb. Apr\u00e8s un premier \u00e9change avec le ministre de la Jeunesse et des Sports, Cellou Bald\u00e9, le collectif a \u00e9t\u00e9 re\u00e7u par Baidy Aribot, une personnalit\u00e9 reconnue pour son&hellip;\t\t\t\t<\/div>\r\n\t\t\t\t\t\t\t<a class=\"read-more\"\r\n\t\t\t\t   href=\"https:\/\/culturbaine.com\/index.php\/2026\/04\/14\/guinee-old-school-les-anciens-du-rap-guineen-sortent-de-lombre-et-presentent-leur-projet-a-baidy-aribot\/\">Lire la suite...<\/a>\r\n\t\t\t\t\t\t<\/div>\r\n\t<\/div>\r\n\t<\/article >\r\n\t<\/div>\r\n\t\t<div class=\"listing listing-blog listing-blog-1 clearfix columns-1 columns-1\">\r\n\t\t<article class=\"post-13398 type-post format-standard has-post-thumbnail   listing-item listing-item-blog  listing-item-blog-1 main-term-34 bsw-12 \">\r\n\t\t<div class=\"item-inner clearfix\">\r\n\t\t\t\t\t\t\t<div class=\"featured clearfix\">\r\n\t\t\t\t\t<div class=\"term-badges floated\"><span class=\"term-badge term-34\"><a href=\"https:\/\/culturbaine.com\/index.php\/category\/interviews\/\">Interviews<\/a><\/span><\/div>\t\t\t\t\t<a  title=\"\u201cIl s\u2019est servi du hip-hop\u201d : A\u00efzeko (Kill Point)\u00a0 tacle Malick K\u00e9b\u00e9 sans filtre\" data-src=\"https:\/\/culturbaine.com\/wp-content\/uploads\/2026\/02\/17719324716042-357x210.jpg\" data-bs-srcset=\"{&quot;baseurl&quot;:&quot;https:\\\/\\\/culturbaine.com\\\/wp-content\\\/uploads\\\/2026\\\/02\\\/&quot;,&quot;sizes&quot;:{&quot;210&quot;:&quot;17719324716042-210x136.jpg&quot;,&quot;279&quot;:&quot;17719324716042-279x220.jpg&quot;,&quot;357&quot;:&quot;17719324716042-357x210.jpg&quot;,&quot;611&quot;:&quot;17719324716042.jpg&quot;}}\"\t\t\t\t\t\t\tclass=\"img-holder\" href=\"https:\/\/culturbaine.com\/index.php\/2026\/02\/24\/il-sest-servi-du-hip-hop-aizeko-kill-point-tacle-malick-kebe-sans-filtre\/\"><\/a>\r\n\t\t\t\t\t\t\t\t\t<\/div>\r\n\t\t\t<h2 class=\"title\">\t\t\t<a href=\"https:\/\/culturbaine.com\/index.php\/2026\/02\/24\/il-sest-servi-du-hip-hop-aizeko-kill-point-tacle-malick-kebe-sans-filtre\/\" class=\"post-url post-title\">\r\n\t\t\t\t\u201cIl s\u2019est servi du hip-hop\u201d : A\u00efzeko (Kill Point)\u00a0 tacle Malick K\u00e9b\u00e9 sans filtre\t\t\t<\/a>\r\n\t\t\t<\/h2>\t\t<div class=\"post-meta\">\r\n\r\n\t\t\t\t\t\t\t<a href=\"https:\/\/culturbaine.com\/index.php\/author\/admin1\/\"\r\n\t\t\t\t   title=\"Parcourir les articles Auteur\"\r\n\t\t\t\t   class=\"post-author-a\">\r\n\t\t\t\t\t<i class=\"post-author author\">\r\n\t\t\t\t\t\tadmin1\t\t\t\t\t<\/i>\r\n\t\t\t\t<\/a>\r\n\t\t\t\t\t\t\t<span class=\"time\"><time class=\"post-published updated\"\r\n\t\t\t\t                         datetime=\"2026-02-24T11:39:13+00:00\">F\u00e9v 24, 2026<\/time><\/span>\r\n\t\t\t\t\t\t<\/div>\r\n\t\t\t\t\t\t<div class=\"post-summary\">\r\n\t\t\t\t\tInvit\u00e9 dans l\u2019\u00e9mission L\u2019Entretien de Mabs Hip-Hop, le rappeur guin\u00e9en A\u00efzeko, membre du groupe l\u00e9gendaire\u00a0Kill Point, n\u2019a pas m\u00e2ch\u00e9 ses mots. Face cam\u00e9ra, l\u2019artiste est revenu sans d\u00e9tour sur sa relation tendue avec leur ancien manager,&hellip;\t\t\t\t<\/div>\r\n\t\t\t\t\t\t<\/div>\r\n\t<\/article>\r\n\t<article class=\"post-11533 type-post format-standard has-post-thumbnail   listing-item listing-item-blog  listing-item-blog-1 main-term-35 bsw-12 \">\r\n\t\t<div class=\"item-inner clearfix\">\r\n\t\t\t\t\t\t\t<div class=\"featured clearfix\">\r\n\t\t\t\t\t<div class=\"term-badges floated\"><span class=\"term-badge term-35\"><a href=\"https:\/\/culturbaine.com\/index.php\/category\/nostal-ziks\/\">Nostal-Ziks<\/a><\/span><\/div>\t\t\t\t\t<a  title=\"\u201cLe Bilan\u201d a 25 ans : Neg\u2019 Marrons de retour sur sc\u00e8ne\" data-src=\"https:\/\/culturbaine.com\/wp-content\/uploads\/2025\/04\/17439285032752-357x210.jpg\" data-bs-srcset=\"{&quot;baseurl&quot;:&quot;https:\\\/\\\/culturbaine.com\\\/wp-content\\\/uploads\\\/2025\\\/04\\\/&quot;,&quot;sizes&quot;:{&quot;210&quot;:&quot;17439285032752-210x136.jpg&quot;,&quot;279&quot;:&quot;17439285032752-279x220.jpg&quot;,&quot;357&quot;:&quot;17439285032752-357x210.jpg&quot;,&quot;562&quot;:&quot;17439285032752.jpg&quot;}}\"\t\t\t\t\t\t\tclass=\"img-holder\" href=\"https:\/\/culturbaine.com\/index.php\/2025\/04\/06\/le-bilan-a-25-ans-neg-marrons-de-retour-sur-scene\/\"><\/a>\r\n\t\t\t\t\t\t\t\t\t<\/div>\r\n\t\t\t<h2 class=\"title\">\t\t\t<a href=\"https:\/\/culturbaine.com\/index.php\/2025\/04\/06\/le-bilan-a-25-ans-neg-marrons-de-retour-sur-scene\/\" class=\"post-url post-title\">\r\n\t\t\t\t\u201cLe Bilan\u201d a 25 ans : Neg\u2019 Marrons de retour sur sc\u00e8ne\t\t\t<\/a>\r\n\t\t\t<\/h2>\t\t<div class=\"post-meta\">\r\n\r\n\t\t\t\t\t\t\t<a href=\"https:\/\/culturbaine.com\/index.php\/author\/admin1\/\"\r\n\t\t\t\t   title=\"Parcourir les articles Auteur\"\r\n\t\t\t\t   class=\"post-author-a\">\r\n\t\t\t\t\t<i class=\"post-author author\">\r\n\t\t\t\t\t\tadmin1\t\t\t\t\t<\/i>\r\n\t\t\t\t<\/a>\r\n\t\t\t\t\t\t\t<span class=\"time\"><time class=\"post-published updated\"\r\n\t\t\t\t                         datetime=\"2025-04-06T08:43:04+00:00\">Avr 6, 2025<\/time><\/span>\r\n\t\t\t\t\t\t<\/div>\r\n\t\t\t\t\t\t<div class=\"post-summary\">\r\n\t\t\t\t\tLe 5 avril 2000 sortait l\u2019un des classiques incontournables du reggae fran\u00e7ais : Le Bilan. Extrait de leur deuxi\u00e8me album \u00e9ponym, ce morceau culte est sign\u00e9 du groupe Neg\u2019 Marrons, form\u00e9 par le duo Jacky et Ben-J sans Djamatik. Le groupe a&hellip;\t\t\t\t<\/div>\r\n\t\t\t\t\t\t<\/div>\r\n\t<\/article>\r\n\t<\/div>\r\n\t\t\t<\/div>\r\n\t<\/div>\r\n<\/div>[\/vc_column][\/vc_row][vc_row][vc_column column_custom_size=\u00a0\u00bb2-main-column\u00a0\u00bb][\/vc_column][\/vc_row]<\/p>\n","protected":false},"excerpt":{"rendered":"<p>Everyone is looking to lose weight these days, but most people miss the one key to just how easy it really is: eating more fiber! While you need protein, healthy fats, and many vitamins and minerals for overall health, the one food that can<\/p>\n","protected":false},"author":1,"featured_media":0,"parent":0,"menu_order":0,"comment_status":"closed","ping_status":"closed","template":"","meta":{"_mi_skip_tracking":false,"_monsterinsights_sitenote_active":false,"_monsterinsights_sitenote_note":"","_monsterinsights_sitenote_category":0,"footnotes":""},"class_list":["post-27","page","type-page","status-publish","hentry"],"yoast_head":"<!-- This site is optimized with the Yoast SEO Premium plugin v20.1 (Yoast SEO v24.0) - https:\/\/yoast.com\/wordpress\/plugins\/seo\/ -->\n<title>Culturbaine- Toute l&#039;actualit\u00e9 des Cultures Urbaines, en un clic ! - Culturbaine<\/title>\n<meta name=\"robots\" content=\"index, follow, max-snippet:-1, max-image-preview:large, max-video-preview:-1\" \/>\n<link rel=\"canonical\" href=\"https:\/\/culturbaine.com\/\" \/>\n<meta property=\"og:locale\" content=\"fr_FR\" \/>\n<meta property=\"og:type\" content=\"article\" \/>\n<meta property=\"og:title\" content=\"Culturbaine- Toute l&#039;actualit\u00e9 des Cultures Urbaines, en un clic !\" \/>\n<meta property=\"og:description\" content=\"Everyone is looking to lose weight these days, but most people miss the one key to just how easy it really is: eating more fiber! While you need protein, healthy fats, and many vitamins and minerals for overall health, the one food that can\" \/>\n<meta property=\"og:url\" content=\"https:\/\/culturbaine.com\/\" \/>\n<meta property=\"og:site_name\" content=\"Culturbaine\" \/>\n<meta property=\"article:publisher\" content=\"https:\/\/www.facebook.com\/Culturbaines\" \/>\n<meta property=\"article:modified_time\" content=\"2023-11-30T11:01:19+00:00\" \/>\n<meta name=\"twitter:card\" content=\"summary_large_image\" \/>\n<meta name=\"twitter:site\" content=\"@culturbaines\" \/>\n<meta name=\"twitter:label1\" content=\"Dur\u00e9e de lecture estim\u00e9e\" \/>\n\t<meta name=\"twitter:data1\" content=\"3 minutes\" \/>\n<script type=\"application\/ld+json\" class=\"yoast-schema-graph\">{\"@context\":\"https:\/\/schema.org\",\"@graph\":[{\"@type\":\"WebPage\",\"@id\":\"https:\/\/culturbaine.com\/\",\"url\":\"https:\/\/culturbaine.com\/\",\"name\":\"Culturbaine- Toute l'actualit\u00e9 des Cultures Urbaines, en un clic ! - Culturbaine\",\"isPartOf\":{\"@id\":\"https:\/\/culturbaine.com\/#website\"},\"datePublished\":\"2023-07-13T01:51:40+00:00\",\"dateModified\":\"2023-11-30T11:01:19+00:00\",\"breadcrumb\":{\"@id\":\"https:\/\/culturbaine.com\/#breadcrumb\"},\"inLanguage\":\"fr-FR\",\"potentialAction\":[{\"@type\":\"ReadAction\",\"target\":[\"https:\/\/culturbaine.com\/\"]}]},{\"@type\":\"BreadcrumbList\",\"@id\":\"https:\/\/culturbaine.com\/#breadcrumb\",\"itemListElement\":[{\"@type\":\"ListItem\",\"position\":1,\"name\":\"Home\",\"item\":\"https:\/\/culturbaine.com\/\"},{\"@type\":\"ListItem\",\"position\":2,\"name\":\"Culturbaine- Toute l&rsquo;actualit\u00e9 des Cultures Urbaines, en un clic !\"}]},{\"@type\":\"WebSite\",\"@id\":\"https:\/\/culturbaine.com\/#website\",\"url\":\"https:\/\/culturbaine.com\/\",\"name\":\"Culturbaine.com\",\"description\":\"Toute l&#039;actualit\u00e9 des Cultures Urbaines, en un clic  !\",\"publisher\":{\"@id\":\"https:\/\/culturbaine.com\/#organization\"},\"potentialAction\":[{\"@type\":\"SearchAction\",\"target\":{\"@type\":\"EntryPoint\",\"urlTemplate\":\"https:\/\/culturbaine.com\/?s={search_term_string}\"},\"query-input\":{\"@type\":\"PropertyValueSpecification\",\"valueRequired\":true,\"valueName\":\"search_term_string\"}}],\"inLanguage\":\"fr-FR\"},{\"@type\":\"Organization\",\"@id\":\"https:\/\/culturbaine.com\/#organization\",\"name\":\"Culturbaine.com\",\"url\":\"https:\/\/culturbaine.com\/\",\"logo\":{\"@type\":\"ImageObject\",\"inLanguage\":\"fr-FR\",\"@id\":\"https:\/\/culturbaine.com\/#\/schema\/logo\/image\/\",\"url\":\"https:\/\/culturbaine.com\/wp-content\/uploads\/2023\/07\/WhatsApp-Image-2023-07-17-at-14.38.18.jpeg\",\"contentUrl\":\"https:\/\/culturbaine.com\/wp-content\/uploads\/2023\/07\/WhatsApp-Image-2023-07-17-at-14.38.18.jpeg\",\"width\":855,\"height\":270,\"caption\":\"Culturbaine.com\"},\"image\":{\"@id\":\"https:\/\/culturbaine.com\/#\/schema\/logo\/image\/\"},\"sameAs\":[\"https:\/\/www.facebook.com\/Culturbaines\",\"https:\/\/x.com\/culturbaines\"]}]}<\/script>\n<!-- \/ Yoast SEO Premium plugin. -->","yoast_head_json":{"title":"Culturbaine- Toute l'actualit\u00e9 des Cultures Urbaines, en un clic ! - Culturbaine","robots":{"index":"index","follow":"follow","max-snippet":"max-snippet:-1","max-image-preview":"max-image-preview:large","max-video-preview":"max-video-preview:-1"},"canonical":"https:\/\/culturbaine.com\/","og_locale":"fr_FR","og_type":"article","og_title":"Culturbaine- Toute l'actualit\u00e9 des Cultures Urbaines, en un clic !","og_description":"Everyone is looking to lose weight these days, but most people miss the one key to just how easy it really is: eating more fiber! While you need protein, healthy fats, and many vitamins and minerals for overall health, the one food that can","og_url":"https:\/\/culturbaine.com\/","og_site_name":"Culturbaine","article_publisher":"https:\/\/www.facebook.com\/Culturbaines","article_modified_time":"2023-11-30T11:01:19+00:00","twitter_card":"summary_large_image","twitter_site":"@culturbaines","twitter_misc":{"Dur\u00e9e de lecture estim\u00e9e":"3 minutes"},"schema":{"@context":"https:\/\/schema.org","@graph":[{"@type":"WebPage","@id":"https:\/\/culturbaine.com\/","url":"https:\/\/culturbaine.com\/","name":"Culturbaine- Toute l'actualit\u00e9 des Cultures Urbaines, en un clic ! - Culturbaine","isPartOf":{"@id":"https:\/\/culturbaine.com\/#website"},"datePublished":"2023-07-13T01:51:40+00:00","dateModified":"2023-11-30T11:01:19+00:00","breadcrumb":{"@id":"https:\/\/culturbaine.com\/#breadcrumb"},"inLanguage":"fr-FR","potentialAction":[{"@type":"ReadAction","target":["https:\/\/culturbaine.com\/"]}]},{"@type":"BreadcrumbList","@id":"https:\/\/culturbaine.com\/#breadcrumb","itemListElement":[{"@type":"ListItem","position":1,"name":"Home","item":"https:\/\/culturbaine.com\/"},{"@type":"ListItem","position":2,"name":"Culturbaine- Toute l&rsquo;actualit\u00e9 des Cultures Urbaines, en un clic !"}]},{"@type":"WebSite","@id":"https:\/\/culturbaine.com\/#website","url":"https:\/\/culturbaine.com\/","name":"Culturbaine.com","description":"Toute l&#039;actualit\u00e9 des Cultures Urbaines, en un clic  !","publisher":{"@id":"https:\/\/culturbaine.com\/#organization"},"potentialAction":[{"@type":"SearchAction","target":{"@type":"EntryPoint","urlTemplate":"https:\/\/culturbaine.com\/?s={search_term_string}"},"query-input":{"@type":"PropertyValueSpecification","valueRequired":true,"valueName":"search_term_string"}}],"inLanguage":"fr-FR"},{"@type":"Organization","@id":"https:\/\/culturbaine.com\/#organization","name":"Culturbaine.com","url":"https:\/\/culturbaine.com\/","logo":{"@type":"ImageObject","inLanguage":"fr-FR","@id":"https:\/\/culturbaine.com\/#\/schema\/logo\/image\/","url":"https:\/\/culturbaine.com\/wp-content\/uploads\/2023\/07\/WhatsApp-Image-2023-07-17-at-14.38.18.jpeg","contentUrl":"https:\/\/culturbaine.com\/wp-content\/uploads\/2023\/07\/WhatsApp-Image-2023-07-17-at-14.38.18.jpeg","width":855,"height":270,"caption":"Culturbaine.com"},"image":{"@id":"https:\/\/culturbaine.com\/#\/schema\/logo\/image\/"},"sameAs":["https:\/\/www.facebook.com\/Culturbaines","https:\/\/x.com\/culturbaines"]}]}},"_links":{"self":[{"href":"https:\/\/culturbaine.com\/index.php\/wp-json\/wp\/v2\/pages\/27"}],"collection":[{"href":"https:\/\/culturbaine.com\/index.php\/wp-json\/wp\/v2\/pages"}],"about":[{"href":"https:\/\/culturbaine.com\/index.php\/wp-json\/wp\/v2\/types\/page"}],"author":[{"embeddable":true,"href":"https:\/\/culturbaine.com\/index.php\/wp-json\/wp\/v2\/users\/1"}],"replies":[{"embeddable":true,"href":"https:\/\/culturbaine.com\/index.php\/wp-json\/wp\/v2\/comments?post=27"}],"version-history":[{"count":0,"href":"https:\/\/culturbaine.com\/index.php\/wp-json\/wp\/v2\/pages\/27\/revisions"}],"wp:attachment":[{"href":"https:\/\/culturbaine.com\/index.php\/wp-json\/wp\/v2\/media?parent=27"}],"curies":[{"name":"wp","href":"https:\/\/api.w.org\/{rel}","templated":true}]}}